{"id":2,"date":"2025-09-16T05:58:37","date_gmt":"2025-09-16T05:58:37","guid":{"rendered":"https:\/\/colloque-le-mouvement-pour-une-meilleure-sante-mentale.fr\/?page_id=2"},"modified":"2026-01-19T08:12:35","modified_gmt":"2026-01-19T08:12:35","slug":"sample-page","status":"publish","type":"page","link":"https:\/\/colloque-le-mouvement-pour-une-meilleure-sante-mentale.fr\/","title":{"rendered":"Colloque le mouvement pour une meilleure sante mentale"},"content":{"rendered":"\t\t<div data-elementor-type=\"wp-page\" data-elementor-id=\"2\" class=\"elementor elementor-2\" data-elementor-post-type=\"page\">\n\t\t\t\t<div class=\"elementor-element elementor-element-fb3e1a2 e-con-full e-flex e-con e-parent\" data-id=\"fb3e1a2\" data-element_type=\"container\" data-settings=\"{&quot;background_background&quot;:&quot;classic&quot;}\">\n\t\t<div class=\"elementor-element elementor-element-4784038 e-con-full e-flex e-con e-child\" data-id=\"4784038\" data-element_type=\"container\" data-settings=\"{&quot;background_background&quot;:&quot;classic&quot;}\">\n\t\t\t\t<div class=\"elementor-element elementor-element-c9cbff8 elementor-widget-mobile__width-initial elementor-widget__width-initial elementor-widget elementor-widget-image\" data-id=\"c9cbff8\" data-element_type=\"widget\" data-widget_type=\"image.default\">\n\t\t\t\t\t\t\t\t\t\t\t\t\t\t\t<img fetchpriority=\"high\" decoding=\"async\" width=\"518\" height=\"186\" src=\"https:\/\/colloque-le-mouvement-pour-une-meilleure-sante-mentale.fr\/wp-content\/uploads\/2025\/09\/logoPRNSS2025.png\" class=\"attachment-large size-large wp-image-140\" alt=\"\" srcset=\"https:\/\/colloque-le-mouvement-pour-une-meilleure-sante-mentale.fr\/wp-content\/uploads\/2025\/09\/logoPRNSS2025.png 518w, https:\/\/colloque-le-mouvement-pour-une-meilleure-sante-mentale.fr\/wp-content\/uploads\/2025\/09\/logoPRNSS2025-300x108.png 300w\" sizes=\"(max-width: 518px) 100vw, 518px\" \/>\t\t\t\t\t\t\t\t\t\t\t\t\t\t\t<\/div>\n\t\t\t\t<div class=\"elementor-element elementor-element-e55007f elementor-widget-mobile__width-initial elementor-widget__width-initial elementor-widget elementor-widget-image\" data-id=\"e55007f\" data-element_type=\"widget\" data-widget_type=\"image.default\">\n\t\t\t\t\t\t\t\t\t\t\t\t\t\t\t<img decoding=\"async\" width=\"1023\" height=\"454\" src=\"https:\/\/colloque-le-mouvement-pour-une-meilleure-sante-mentale.fr\/wp-content\/uploads\/2025\/09\/onaps-logo.svg\" class=\"attachment-large size-large wp-image-16\" alt=\"\" \/>\t\t\t\t\t\t\t\t\t\t\t\t\t\t\t<\/div>\n\t\t\t\t<div class=\"elementor-element elementor-element-c788fdf elementor-widget-mobile__width-initial elementor-widget__width-initial elementor-widget elementor-widget-image\" data-id=\"c788fdf\" data-element_type=\"widget\" data-widget_type=\"image.default\">\n\t\t\t\t\t\t\t\t\t\t\t\t\t\t\t<img decoding=\"async\" width=\"430\" height=\"311\" src=\"https:\/\/colloque-le-mouvement-pour-une-meilleure-sante-mentale.fr\/wp-content\/uploads\/2025\/09\/parlons.jpg.webp\" class=\"attachment-2048x2048 size-2048x2048 wp-image-138\" alt=\"\" srcset=\"https:\/\/colloque-le-mouvement-pour-une-meilleure-sante-mentale.fr\/wp-content\/uploads\/2025\/09\/parlons.jpg.webp 430w, https:\/\/colloque-le-mouvement-pour-une-meilleure-sante-mentale.fr\/wp-content\/uploads\/2025\/09\/parlons.jpg-300x217.webp 300w\" sizes=\"(max-width: 430px) 100vw, 430px\" \/>\t\t\t\t\t\t\t\t\t\t\t\t\t\t\t<\/div>\n\t\t\t\t<\/div>\n\t\t<div class=\"elementor-element elementor-element-51f029a e-con-full elementor-hidden-mobile e-flex e-con e-child\" data-id=\"51f029a\" data-element_type=\"container\" data-settings=\"{&quot;background_background&quot;:&quot;classic&quot;}\">\n\t\t\t\t<div class=\"elementor-element elementor-element-2e047b6 elementor-icon-list--layout-inline elementor-align-center elementor-tablet-align-center elementor-list-item-link-full_width elementor-widget elementor-widget-icon-list\" data-id=\"2e047b6\" data-element_type=\"widget\" data-widget_type=\"icon-list.default\">\n\t\t\t\t\t\t\t<ul class=\"elementor-icon-list-items elementor-inline-items\">\n\t\t\t\t\t\t\t<li class=\"elementor-icon-list-item elementor-inline-item\">\n\t\t\t\t\t\t\t\t\t\t\t<a href=\"#presentation\">\n\n\t\t\t\t\t\t\t\t\t\t\t<span class=\"elementor-icon-list-text\">Pr\u00e9sentation<\/span>\n\t\t\t\t\t\t\t\t\t\t\t<\/a>\n\t\t\t\t\t\t\t\t\t<\/li>\n\t\t\t\t\t\t\t\t<li class=\"elementor-icon-list-item elementor-inline-item\">\n\t\t\t\t\t\t\t\t\t\t\t<a href=\"#programme\">\n\n\t\t\t\t\t\t\t\t\t\t\t<span class=\"elementor-icon-list-text\">Programme<\/span>\n\t\t\t\t\t\t\t\t\t\t\t<\/a>\n\t\t\t\t\t\t\t\t\t<\/li>\n\t\t\t\t\t\t\t\t<li class=\"elementor-icon-list-item elementor-inline-item\">\n\t\t\t\t\t\t\t\t\t\t\t<a href=\"#inscriptions\">\n\n\t\t\t\t\t\t\t\t\t\t\t<span class=\"elementor-icon-list-text\">Inscriptions<\/span>\n\t\t\t\t\t\t\t\t\t\t\t<\/a>\n\t\t\t\t\t\t\t\t\t<\/li>\n\t\t\t\t\t\t\t\t<li class=\"elementor-icon-list-item elementor-inline-item\">\n\t\t\t\t\t\t\t\t\t\t\t<a href=\"#contact\">\n\n\t\t\t\t\t\t\t\t\t\t\t<span class=\"elementor-icon-list-text\">Contact<\/span>\n\t\t\t\t\t\t\t\t\t\t\t<\/a>\n\t\t\t\t\t\t\t\t\t<\/li>\n\t\t\t\t\t\t<\/ul>\n\t\t\t\t\t\t<\/div>\n\t\t\t\t<\/div>\n\t\t\t\t<div class=\"elementor-element elementor-element-cd8a0d6 elementor-widget__width-initial elementor-absolute elementor-widget elementor-widget-image\" data-id=\"cd8a0d6\" data-element_type=\"widget\" data-settings=\"{&quot;_position&quot;:&quot;absolute&quot;}\" data-widget_type=\"image.default\">\n\t\t\t\t\t\t\t\t\t\t\t\t\t\t\t<img loading=\"lazy\" decoding=\"async\" width=\"1024\" height=\"410\" src=\"https:\/\/colloque-le-mouvement-pour-une-meilleure-sante-mentale.fr\/wp-content\/uploads\/2025\/09\/ONAPS-CC150832-mise-en-page_page-0002-1024x410.png\" class=\"attachment-large size-large wp-image-12\" alt=\"\" srcset=\"https:\/\/colloque-le-mouvement-pour-une-meilleure-sante-mentale.fr\/wp-content\/uploads\/2025\/09\/ONAPS-CC150832-mise-en-page_page-0002-1024x410.png 1024w, https:\/\/colloque-le-mouvement-pour-une-meilleure-sante-mentale.fr\/wp-content\/uploads\/2025\/09\/ONAPS-CC150832-mise-en-page_page-0002-300x120.png 300w, https:\/\/colloque-le-mouvement-pour-une-meilleure-sante-mentale.fr\/wp-content\/uploads\/2025\/09\/ONAPS-CC150832-mise-en-page_page-0002-768x307.png 768w, https:\/\/colloque-le-mouvement-pour-une-meilleure-sante-mentale.fr\/wp-content\/uploads\/2025\/09\/ONAPS-CC150832-mise-en-page_page-0002.png 1280w\" sizes=\"(max-width: 1024px) 100vw, 1024px\" \/>\t\t\t\t\t\t\t\t\t\t\t\t\t\t\t<\/div>\n\t\t\t\t<div class=\"elementor-element elementor-element-dcbff87 elementor-widget__width-initial elementor-widget elementor-widget-image\" data-id=\"dcbff87\" data-element_type=\"widget\" data-widget_type=\"image.default\">\n\t\t\t\t\t\t\t\t\t\t\t\t\t\t\t<img loading=\"lazy\" decoding=\"async\" width=\"1197\" height=\"812\" src=\"https:\/\/colloque-le-mouvement-pour-une-meilleure-sante-mentale.fr\/wp-content\/uploads\/2025\/09\/ONAPS-CC150832-mise-en-page_page-0001-1.png\" class=\"attachment-full size-full wp-image-13\" alt=\"\" srcset=\"https:\/\/colloque-le-mouvement-pour-une-meilleure-sante-mentale.fr\/wp-content\/uploads\/2025\/09\/ONAPS-CC150832-mise-en-page_page-0001-1.png 1197w, https:\/\/colloque-le-mouvement-pour-une-meilleure-sante-mentale.fr\/wp-content\/uploads\/2025\/09\/ONAPS-CC150832-mise-en-page_page-0001-1-300x204.png 300w, https:\/\/colloque-le-mouvement-pour-une-meilleure-sante-mentale.fr\/wp-content\/uploads\/2025\/09\/ONAPS-CC150832-mise-en-page_page-0001-1-1024x695.png 1024w, https:\/\/colloque-le-mouvement-pour-une-meilleure-sante-mentale.fr\/wp-content\/uploads\/2025\/09\/ONAPS-CC150832-mise-en-page_page-0001-1-768x521.png 768w\" sizes=\"(max-width: 1197px) 100vw, 1197px\" \/>\t\t\t\t\t\t\t\t\t\t\t\t\t\t\t<\/div>\n\t\t<div class=\"elementor-element elementor-element-4465da5 e-con-full e-flex e-con e-child\" data-id=\"4465da5\" data-element_type=\"container\" data-settings=\"{&quot;background_background&quot;:&quot;classic&quot;}\">\n\t\t\t\t<div class=\"elementor-element elementor-element-e83ccf8 elementor-widget elementor-widget-heading\" data-id=\"e83ccf8\" data-element_type=\"widget\" data-widget_type=\"heading.default\">\n\t\t\t\t\t<span class=\"elementor-heading-title elementor-size-default\">Pour acc\u00e9der au replay et \u00e0 la synth\u00e8se:<\/span>\t\t\t\t<\/div>\n\t\t<div class=\"elementor-element elementor-element-f9066b9 e-grid e-con-full e-con e-child\" data-id=\"f9066b9\" data-element_type=\"container\">\n\t\t\t\t<div class=\"elementor-element elementor-element-94a0c42 elementor-widget__width-initial elementor-widget elementor-widget-html\" data-id=\"94a0c42\" data-element_type=\"widget\" data-widget_type=\"html.default\">\n\t\t\t\t\t<iframe width=\"560\" height=\"315\"\nsrc=\"https:\/\/www.youtube.com\/embed\/y5_NW5DiImE\"\ntitle=\"YouTube video player\"\nframeborder=\"0\"\nallow=\"accelerometer; autoplay; clipboard-write; encrypted-media; gyroscope; picture-in-picture\"\nallowfullscreen>\n<\/iframe>\t\t\t\t<\/div>\n\t\t<div class=\"elementor-element elementor-element-25abcb1 e-con-full e-flex e-con e-child\" data-id=\"25abcb1\" data-element_type=\"container\">\n\t\t\t\t<div class=\"elementor-element elementor-element-acabb10 elementor-widget elementor-widget-shortcode\" data-id=\"acabb10\" data-element_type=\"widget\" data-widget_type=\"shortcode.default\">\n\t\t\t\t\t\t\t<div class=\"elementor-shortcode\"><div class=\"_3d-flip-book  fb3d-fullscreen-mode full-size\" data-id=\"424\" data-mode=\"fullscreen\" data-title=\"false\" data-template=\"short-white-book-view\" data-lightbox=\"dark-shadow\" data-urlparam=\"fb3d-page\" data-page-n=\"0\" data-pdf=\"\" data-tax=\"null\" data-thumbnail=\"\" data-cols=\"3\" data-book-template=\"default\" data-trigger=\"\"><\/div><script type=\"text\/javascript\">window.FB3D_CLIENT_DATA = window.FB3D_CLIENT_DATA || [];FB3D_CLIENT_DATA.push('eyJwb3N0cyI6eyI0MjQiOnsiSUQiOjQyNCwidGl0bGUiOiJTeW50aFx1MDBlOHNlIGNvbGxvcXVlIiwidHlwZSI6InBkZiIsInJlYWR5X2Z1bmN0aW9uIjoiIiwiYm9va19zdHlsZSI6ImZsYXQiLCJib29rX3RlbXBsYXRlIjoibm9uZSIsIm91dGxpbmUiOltdLCJkYXRhIjp7InBvc3RfSUQiOiI0MjMiLCJndWlkIjoiaHR0cHM6XC9cL2NvbGxvcXVlLWxlLW1vdXZlbWVudC1wb3VyLXVuZS1tZWlsbGV1cmUtc2FudGUtbWVudGFsZS5mclwvd3AtY29udGVudFwvdXBsb2Fkc1wvMjAyNlwvMDFcLzIwMjYtMDEtMDctU3ludGhlc2UtY29sbG9xdWUucGRmIiwicGRmX3BhZ2VzIjoiMiIsInBhZ2VzX2N1c3RvbWl6YXRpb24iOiJub25lIn0sInRodW1ibmFpbCI6eyJkYXRhIjp7InBvc3RfSUQiOiIwIn0sInR5cGUiOiJhdXRvIn0sInByb3BzIjp7ImJhY2tncm91bmRDb2xvciI6ImF1dG8iLCJiYWNrZ3JvdW5kSW1hZ2UiOiJhdXRvIiwiYmFja2dyb3VuZFN0eWxlIjoiYXV0byIsImhpZ2hsaWdodExpbmtzIjoiYXV0byIsImxpZ2h0aW5nIjoiYXV0byIsInNpbmdsZVBhZ2VNb2RlIjoiYXV0byIsImNhY2hlZFBhZ2VzIjoiYXV0byIsInJlbmRlckluYWN0aXZlUGFnZXMiOiJhdXRvIiwicmVuZGVySW5hY3RpdmVQYWdlc09uTW9iaWxlIjoiYXV0byIsInJlbmRlcldoaWxlRmxpcHBpbmciOiJhdXRvIiwicHJlbG9hZFBhZ2VzIjoiYXV0byIsImF1dG9QbGF5RHVyYXRpb24iOiJhdXRvIiwicnRsIjoiYXV0byIsImludGVyYWN0aXZlQ29ybmVycyI6ImF1dG8iLCJtYXhEZXB0aCI6ImF1dG8iLCJzaGVldCI6eyJzdGFydFZlbG9jaXR5IjoiYXV0byIsIndhdmUiOiJhdXRvIiwic2hhcGUiOiJhdXRvIiwid2lkdGhUZXhlbHMiOiJhdXRvIiwiY29sb3IiOiJhdXRvIiwic2lkZSI6ImF1dG8iLCJzdHJldGNoSW1hZ2VzIjoiYXV0byIsImNvcm5lckRldmlhdGlvbiI6ImF1dG8iLCJmbGV4aWJpbGl0eSI6ImF1dG8iLCJmbGV4aWJsZUNvcm5lciI6ImF1dG8iLCJiZW5kaW5nIjoiYXV0byIsImhlaWdodFRleGVscyI6ImF1dG8ifSwiY292ZXIiOnsid2F2ZSI6ImF1dG8iLCJjb2xvciI6ImF1dG8iLCJzaWRlIjoiYXV0byIsInN0cmV0Y2hJbWFnZXMiOiJhdXRvIiwiYmluZGVyVGV4dHVyZSI6ImF1dG8iLCJkZXB0aCI6ImF1dG8iLCJwYWRkaW5nIjoiYXV0byIsInN0YXJ0VmVsb2NpdHkiOiJhdXRvIiwiZmxleGliaWxpdHkiOiJhdXRvIiwiZmxleGlibGVDb3JuZXIiOiJhdXRvIiwiYmVuZGluZyI6ImF1dG8iLCJ3aWR0aFRleGVscyI6ImF1dG8iLCJoZWlnaHRUZXhlbHMiOiJhdXRvIiwibWFzcyI6ImF1dG8iLCJzaGFwZSI6ImF1dG8ifSwicGFnZSI6eyJ3YXZlIjoiYXV0byIsImNvbG9yIjoiYXV0byIsInNpZGUiOiJhdXRvIiwic3RyZXRjaEltYWdlcyI6ImF1dG8iLCJkZXB0aCI6ImF1dG8iLCJzdGFydFZlbG9jaXR5IjoiYXV0byIsImZsZXhpYmlsaXR5IjoiYXV0byIsImZsZXhpYmxlQ29ybmVyIjoiYXV0byIsImJlbmRpbmciOiJhdXRvIiwid2lkdGhUZXhlbHMiOiJhdXRvIiwiaGVpZ2h0VGV4ZWxzIjoiYXV0byIsIm1hc3MiOiJhdXRvIiwic2hhcGUiOiJhdXRvIn0sImhlaWdodCI6ImF1dG8iLCJ3aWR0aCI6ImF1dG8iLCJncmF2aXR5IjoiYXV0byIsInBhZ2VzRm9yUHJlZGljdGluZyI6ImF1dG8ifSwiY29udHJvbFByb3BzIjp7ImFjdGlvbnMiOnsiY21kVG9jIjp7ImVuYWJsZWQiOiJhdXRvIiwiZW5hYmxlZEluTmFycm93IjoiYXV0byIsImFjdGl2ZSI6ImF1dG8iLCJkZWZhdWx0VGFiIjoiYXV0byJ9LCJjbWRBdXRvUGxheSI6eyJlbmFibGVkIjoiYXV0byIsImVuYWJsZWRJbk5hcnJvdyI6ImF1dG8iLCJhY3RpdmUiOiJhdXRvIn0sImNtZFNhdmUiOnsiZW5hYmxlZCI6ImF1dG8iLCJlbmFibGVkSW5OYXJyb3ciOiJhdXRvIn0sImNtZFByaW50Ijp7ImVuYWJsZWQiOiJhdXRvIiwiZW5hYmxlZEluTmFycm93IjoiYXV0byJ9LCJjbWRTaW5nbGVQYWdlIjp7ImVuYWJsZWQiOiJhdXRvIiwiZW5hYmxlZEluTmFycm93IjoiYXV0byIsImFjdGl2ZSI6ImF1dG8iLCJhY3RpdmVGb3JNb2JpbGUiOiJhdXRvIn0sIndpZFRvb2xiYXIiOnsiZW5hYmxlZCI6ImF1dG8iLCJlbmFibGVkSW5OYXJyb3ciOiJhdXRvIn19fSwiYXV0b1RodW1ibmFpbCI6Imh0dHBzOlwvXC9jb2xsb3F1ZS1sZS1tb3V2ZW1lbnQtcG91ci11bmUtbWVpbGxldXJlLXNhbnRlLW1lbnRhbGUuZnJcL3dwLWNvbnRlbnRcL3VwbG9hZHNcLzNkLWZsaXAtYm9va1wvYXV0by10aHVtYm5haWxzXC80MjQucG5nIiwicG9zdF9uYW1lIjoic3ludGhlc2UtY29sbG9xdWUiLCJwb3N0X3R5cGUiOiIzZC1mbGlwLWJvb2sifX0sInBhZ2VzIjpbXSwiZmlyc3RQYWdlcyI6W119');window.FB3D_CLIENT_LOCALE && FB3D_CLIENT_LOCALE.render && FB3D_CLIENT_LOCALE.render();<\/script><\/div>\n\t\t\t\t\t\t<\/div>\n\t\t\t\t<\/div>\n\t\t\t\t<\/div>\n\t\t\t\t<\/div>\n\t\t\t\t<\/div>\n\t\t<div class=\"elementor-element elementor-element-779e058 e-con-full e-flex e-con e-parent\" data-id=\"779e058\" data-element_type=\"container\" id=\"presentation\" data-settings=\"{&quot;background_background&quot;:&quot;classic&quot;}\">\n\t\t<div class=\"elementor-element elementor-element-76e91df e-con-full e-flex e-con e-child\" data-id=\"76e91df\" data-element_type=\"container\">\n\t\t\t\t<div class=\"elementor-element elementor-element-9f82bf3 elementor-widget elementor-widget-heading\" data-id=\"9f82bf3\" data-element_type=\"widget\" data-widget_type=\"heading.default\">\n\t\t\t\t\t<h1 class=\"elementor-heading-title elementor-size-default\">Pr\u00e9sentation du colloque<\/h1>\t\t\t\t<\/div>\n\t\t\t\t<div class=\"elementor-element elementor-element-dfea6c6 elementor-widget elementor-widget-text-editor\" data-id=\"dfea6c6\" data-element_type=\"widget\" data-widget_type=\"text-editor.default\">\n\t\t\t\t\t\t\t\t\t<p>En 2025, la sant\u00e9 mentale est \u00e9rig\u00e9e en Grande Cause Nationale, soulignant l&rsquo;urgence d&rsquo;agir face \u00e0 une probl\u00e9matique qui touche une personne sur cinq chaque ann\u00e9e en France. Les b\u00e9n\u00e9fices de l&rsquo;activit\u00e9 physique sur la sant\u00e9 mentale en population g\u00e9n\u00e9rale sont d\u00e9sormais bien \u00e9tablis : r\u00e9duction du stress, am\u00e9lioration de l&rsquo;humeur, renforcement de l&rsquo;estime de soi, pr\u00e9vention des troubles anxieux et d\u00e9pressifs, etc. De plus, la s\u00e9dentarit\u00e9 constitue un facteur aggravant pour la sant\u00e9 mentale, quelle que soit la population.<\/p><p>Dans ce contexte, l&rsquo;Onaps, en collaboration avec le minist\u00e8re des Sports, de la Jeunesse et de la Vie associative et son P\u00f4le Ressources National Sport Sant\u00e9, consacre son colloque annuel aux relations entre activit\u00e9 physique, s\u00e9dentarit\u00e9 et sant\u00e9 mentale. Un \u00e9v\u00e9nement qui promet de riches \u00e9changes, pour faire du mouvement un levier essentiel de la sant\u00e9 mentale. Il s&rsquo;agit d&rsquo;encourager et de soutenir l&rsquo;action des professionnels en faveur d&rsquo;une approche globale et intersectorielle de la sant\u00e9, int\u00e9grant pleinement la dimension mentale.<\/p><p>Ce colloque webinaire vise \u00e0 promouvoir le mouvement tout au long de la vie, comme moyen de pr\u00e9vention et d\u2019intervention pour les diff\u00e9rentes composantes de la sant\u00e9 mentale en r\u00e9unissant scientifiques, acteurs institutionnels et de terrain pour partager constats, initiatives et bonnes pratiques.<\/p>\t\t\t\t\t\t\t\t<\/div>\n\t\t\t\t<\/div>\n\t\t\t\t<div class=\"elementor-element elementor-element-add2f7d elementor-widget__width-initial elementor-widget elementor-widget-image\" data-id=\"add2f7d\" data-element_type=\"widget\" data-widget_type=\"image.default\">\n\t\t\t\t\t\t\t\t\t\t\t\t\t\t\t<img loading=\"lazy\" decoding=\"async\" width=\"734\" height=\"1024\" src=\"https:\/\/colloque-le-mouvement-pour-une-meilleure-sante-mentale.fr\/wp-content\/uploads\/2025\/09\/ONAPS-CC150832-mise-en-page-V2_page-0001-scaled-1-734x1024.jpg\" class=\"attachment-large size-large wp-image-15\" alt=\"\" srcset=\"https:\/\/colloque-le-mouvement-pour-une-meilleure-sante-mentale.fr\/wp-content\/uploads\/2025\/09\/ONAPS-CC150832-mise-en-page-V2_page-0001-scaled-1-734x1024.jpg 734w, https:\/\/colloque-le-mouvement-pour-une-meilleure-sante-mentale.fr\/wp-content\/uploads\/2025\/09\/ONAPS-CC150832-mise-en-page-V2_page-0001-scaled-1-215x300.jpg 215w, https:\/\/colloque-le-mouvement-pour-une-meilleure-sante-mentale.fr\/wp-content\/uploads\/2025\/09\/ONAPS-CC150832-mise-en-page-V2_page-0001-scaled-1-768x1071.jpg 768w, https:\/\/colloque-le-mouvement-pour-une-meilleure-sante-mentale.fr\/wp-content\/uploads\/2025\/09\/ONAPS-CC150832-mise-en-page-V2_page-0001-scaled-1-1102x1536.jpg 1102w, https:\/\/colloque-le-mouvement-pour-une-meilleure-sante-mentale.fr\/wp-content\/uploads\/2025\/09\/ONAPS-CC150832-mise-en-page-V2_page-0001-scaled-1-1469x2048.jpg 1469w, https:\/\/colloque-le-mouvement-pour-une-meilleure-sante-mentale.fr\/wp-content\/uploads\/2025\/09\/ONAPS-CC150832-mise-en-page-V2_page-0001-scaled-1.jpg 1836w\" sizes=\"(max-width: 734px) 100vw, 734px\" \/>\t\t\t\t\t\t\t\t\t\t\t\t\t\t\t<\/div>\n\t\t\t\t<\/div>\n\t\t<div class=\"elementor-element elementor-element-594dc8e e-con-full e-flex e-con e-parent\" data-id=\"594dc8e\" data-element_type=\"container\">\n\t\t\t\t<\/div>\n\t\t<div class=\"elementor-element elementor-element-c563e92 e-con-full e-flex e-con e-parent\" data-id=\"c563e92\" data-element_type=\"container\" id=\"programme\" data-settings=\"{&quot;background_background&quot;:&quot;classic&quot;}\">\n\t\t\t\t<div class=\"elementor-element elementor-element-e664c60 elementor-widget elementor-widget-heading\" data-id=\"e664c60\" data-element_type=\"widget\" data-widget_type=\"heading.default\">\n\t\t\t\t\t<h2 class=\"elementor-heading-title elementor-size-default\">Le programme de la journ\u00e9e<\/h2>\t\t\t\t<\/div>\n\t\t<div class=\"elementor-element elementor-element-9ee97e0 e-con-full e-flex e-con e-child\" data-id=\"9ee97e0\" data-element_type=\"container\">\n\t\t<div class=\"elementor-element elementor-element-986b84f e-con-full e-flex e-con e-child\" data-id=\"986b84f\" data-element_type=\"container\">\n\t\t\t\t<div class=\"elementor-element elementor-element-a8b0515 elementor-widget elementor-widget-heading\" data-id=\"a8b0515\" data-element_type=\"widget\" data-widget_type=\"heading.default\">\n\t\t\t\t\t<span class=\"elementor-heading-title elementor-size-default\">9h30 - 9h45<\/span>\t\t\t\t<\/div>\n\t\t\t\t<div class=\"elementor-element elementor-element-0dabbc7 elementor-widget elementor-widget-heading\" data-id=\"0dabbc7\" data-element_type=\"widget\" data-widget_type=\"heading.default\">\n\t\t\t\t\t<span class=\"elementor-heading-title elementor-size-default\">Ouverture<\/span>\t\t\t\t<\/div>\n\t\t\t\t<\/div>\n\t\t<div class=\"elementor-element elementor-element-18a67b7 e-con-full e-flex e-con e-child\" data-id=\"18a67b7\" data-element_type=\"container\">\n\t\t<div class=\"elementor-element elementor-element-b93e8d2 e-con-full e-flex e-con e-child\" data-id=\"b93e8d2\" data-element_type=\"container\">\n\t\t\t\t<div class=\"elementor-element elementor-element-72b72b7 elementor-widget elementor-widget-image\" data-id=\"72b72b7\" data-element_type=\"widget\" data-widget_type=\"image.default\">\n\t\t\t\t\t\t\t\t\t\t\t\t\t\t\t<img loading=\"lazy\" decoding=\"async\" width=\"200\" height=\"200\" src=\"https:\/\/colloque-le-mouvement-pour-une-meilleure-sante-mentale.fr\/wp-content\/uploads\/2025\/09\/Bruno-Rogowski.jpg\" class=\"attachment-large size-large wp-image-18\" alt=\"\" srcset=\"https:\/\/colloque-le-mouvement-pour-une-meilleure-sante-mentale.fr\/wp-content\/uploads\/2025\/09\/Bruno-Rogowski.jpg 200w, https:\/\/colloque-le-mouvement-pour-une-meilleure-sante-mentale.fr\/wp-content\/uploads\/2025\/09\/Bruno-Rogowski-150x150.jpg 150w\" sizes=\"(max-width: 200px) 100vw, 200px\" \/>\t\t\t\t\t\t\t\t\t\t\t\t\t\t\t<\/div>\n\t\t<div class=\"elementor-element elementor-element-e0eb5a5 e-con-full e-flex e-con e-child\" data-id=\"e0eb5a5\" data-element_type=\"container\">\n\t\t\t\t<div class=\"elementor-element elementor-element-3d49b35 elementor-widget elementor-widget-heading\" data-id=\"3d49b35\" data-element_type=\"widget\" data-widget_type=\"heading.default\">\n\t\t\t\t\t<span class=\"elementor-heading-title elementor-size-default\">Bruno Rogowski<\/span>\t\t\t\t<\/div>\n\t\t\t\t<div class=\"elementor-element elementor-element-804216b elementor-widget elementor-widget-text-editor\" data-id=\"804216b\" data-element_type=\"widget\" data-widget_type=\"text-editor.default\">\n\t\t\t\t\t\t\t\t\t<p><strong>Animateur<\/strong><\/p>\t\t\t\t\t\t\t\t<\/div>\n\t\t\t\t<\/div>\n\t\t\t\t<\/div>\n\t\t<div class=\"elementor-element elementor-element-70aab39 e-con-full e-flex e-con e-child\" data-id=\"70aab39\" data-element_type=\"container\">\n\t\t\t\t<div class=\"elementor-element elementor-element-aef5c0b elementor-widget elementor-widget-image\" data-id=\"aef5c0b\" data-element_type=\"widget\" data-widget_type=\"image.default\">\n\t\t\t\t\t\t\t\t\t\t\t\t\t\t\t<img loading=\"lazy\" decoding=\"async\" width=\"800\" height=\"800\" src=\"https:\/\/colloque-le-mouvement-pour-une-meilleure-sante-mentale.fr\/wp-content\/uploads\/2025\/09\/1670485518656.jpg\" class=\"attachment-large size-large wp-image-19\" alt=\"\" srcset=\"https:\/\/colloque-le-mouvement-pour-une-meilleure-sante-mentale.fr\/wp-content\/uploads\/2025\/09\/1670485518656.jpg 800w, https:\/\/colloque-le-mouvement-pour-une-meilleure-sante-mentale.fr\/wp-content\/uploads\/2025\/09\/1670485518656-300x300.jpg 300w, https:\/\/colloque-le-mouvement-pour-une-meilleure-sante-mentale.fr\/wp-content\/uploads\/2025\/09\/1670485518656-150x150.jpg 150w, https:\/\/colloque-le-mouvement-pour-une-meilleure-sante-mentale.fr\/wp-content\/uploads\/2025\/09\/1670485518656-768x768.jpg 768w\" sizes=\"(max-width: 800px) 100vw, 800px\" \/>\t\t\t\t\t\t\t\t\t\t\t\t\t\t\t<\/div>\n\t\t<div class=\"elementor-element elementor-element-3a9c39c e-con-full e-flex e-con e-child\" data-id=\"3a9c39c\" data-element_type=\"container\">\n\t\t\t\t<div class=\"elementor-element elementor-element-58539f9 elementor-widget elementor-widget-heading\" data-id=\"58539f9\" data-element_type=\"widget\" data-widget_type=\"heading.default\">\n\t\t\t\t\t<span class=\"elementor-heading-title elementor-size-default\">Rapha\u00ebl Citron<\/span>\t\t\t\t<\/div>\n\t\t\t\t<div class=\"elementor-element elementor-element-904f65e elementor-widget elementor-widget-text-editor\" data-id=\"904f65e\" data-element_type=\"widget\" data-widget_type=\"text-editor.default\">\n\t\t\t\t\t\t\t\t\t<p><strong>Adjoint au chef de bureau de l&rsquo;acc\u00e8s aux pratiques sportives tout au long de la vie<\/strong> &#8211; Direction des Sports, Minist\u00e8re des Sports, de la Jeunesse et de la Vie associative<\/p>\t\t\t\t\t\t\t\t<\/div>\n\t\t\t\t<\/div>\n\t\t\t\t<\/div>\n\t\t<div class=\"elementor-element elementor-element-51bcf93 e-con-full e-flex e-con e-child\" data-id=\"51bcf93\" data-element_type=\"container\">\n\t\t\t\t<div class=\"elementor-element elementor-element-e58c784 elementor-widget elementor-widget-image\" data-id=\"e58c784\" data-element_type=\"widget\" data-widget_type=\"image.default\">\n\t\t\t\t\t\t\t\t\t\t\t\t\t\t\t<img loading=\"lazy\" decoding=\"async\" width=\"452\" height=\"679\" src=\"https:\/\/colloque-le-mouvement-pour-une-meilleure-sante-mentale.fr\/wp-content\/uploads\/2025\/09\/martine-duclos.webp\" class=\"attachment-large size-large wp-image-20\" alt=\"\" srcset=\"https:\/\/colloque-le-mouvement-pour-une-meilleure-sante-mentale.fr\/wp-content\/uploads\/2025\/09\/martine-duclos.webp 452w, https:\/\/colloque-le-mouvement-pour-une-meilleure-sante-mentale.fr\/wp-content\/uploads\/2025\/09\/martine-duclos-200x300.webp 200w\" sizes=\"(max-width: 452px) 100vw, 452px\" \/>\t\t\t\t\t\t\t\t\t\t\t\t\t\t\t<\/div>\n\t\t<div class=\"elementor-element elementor-element-406a61e e-con-full e-flex e-con e-child\" data-id=\"406a61e\" data-element_type=\"container\">\n\t\t\t\t<div class=\"elementor-element elementor-element-14eaa96 elementor-widget elementor-widget-heading\" data-id=\"14eaa96\" data-element_type=\"widget\" data-widget_type=\"heading.default\">\n\t\t\t\t\t<span class=\"elementor-heading-title elementor-size-default\">Martine Duclos<\/span>\t\t\t\t<\/div>\n\t\t\t\t<div class=\"elementor-element elementor-element-10091c8 elementor-widget elementor-widget-text-editor\" data-id=\"10091c8\" data-element_type=\"widget\" data-widget_type=\"text-editor.default\">\n\t\t\t\t\t\t\t\t\t<p><strong>Pr\u00e9sidente<\/strong>&#8211; Observatoire national de l&rsquo;activit\u00e9 physique et de la s\u00e9dentarit\u00e9 (Onaps)<\/p>\t\t\t\t\t\t\t\t<\/div>\n\t\t\t\t<\/div>\n\t\t\t\t<\/div>\n\t\t\t\t<\/div>\n\t\t\t\t<\/div>\n\t\t\t\t<\/div>\n\t\t<div class=\"elementor-element elementor-element-89e2a65 e-con-full e-flex e-con e-child\" data-id=\"89e2a65\" data-element_type=\"container\">\n\t\t<div class=\"elementor-element elementor-element-25f83ae e-con-full e-flex e-con e-child\" data-id=\"25f83ae\" data-element_type=\"container\">\n\t\t\t\t<div class=\"elementor-element elementor-element-f8369aa elementor-widget elementor-widget-heading\" data-id=\"f8369aa\" data-element_type=\"widget\" data-widget_type=\"heading.default\">\n\t\t\t\t\t<span class=\"elementor-heading-title elementor-size-default\">9h45 - 10h15<\/span>\t\t\t\t<\/div>\n\t\t\t\t<div class=\"elementor-element elementor-element-db85240 elementor-widget elementor-widget-heading\" data-id=\"db85240\" data-element_type=\"widget\" data-widget_type=\"heading.default\">\n\t\t\t\t\t<span class=\"elementor-heading-title elementor-size-default\">D\u00e9finition<\/span>\t\t\t\t<\/div>\n\t\t\t\t<\/div>\n\t\t<div class=\"elementor-element elementor-element-ffb123b e-con-full e-flex e-con e-child\" data-id=\"ffb123b\" data-element_type=\"container\">\n\t\t<div class=\"elementor-element elementor-element-cbfe73d e-con-full e-flex e-con e-child\" data-id=\"cbfe73d\" data-element_type=\"container\">\n\t\t\t\t<div class=\"elementor-element elementor-element-3733b20 elementor-widget elementor-widget-image\" data-id=\"3733b20\" data-element_type=\"widget\" data-widget_type=\"image.default\">\n\t\t\t\t\t\t\t\t\t\t\t\t\t\t\t<img loading=\"lazy\" decoding=\"async\" width=\"220\" height=\"249\" src=\"https:\/\/colloque-le-mouvement-pour-une-meilleure-sante-mentale.fr\/wp-content\/uploads\/2025\/09\/maxime.jpg\" class=\"attachment-large size-large wp-image-22\" alt=\"\" \/>\t\t\t\t\t\t\t\t\t\t\t\t\t\t\t<\/div>\n\t\t<div class=\"elementor-element elementor-element-57353b5 e-con-full e-flex e-con e-child\" data-id=\"57353b5\" data-element_type=\"container\">\n\t\t\t\t<div class=\"elementor-element elementor-element-cd49735 elementor-widget elementor-widget-heading\" data-id=\"cd49735\" data-element_type=\"widget\" data-widget_type=\"heading.default\">\n\t\t\t\t\t<span class=\"elementor-heading-title elementor-size-default\">Maxime Tr\u00e9hout<\/span>\t\t\t\t<\/div>\n\t\t\t\t<div class=\"elementor-element elementor-element-5446259 elementor-widget elementor-widget-text-editor\" data-id=\"5446259\" data-element_type=\"widget\" data-widget_type=\"text-editor.default\">\n\t\t\t\t\t\t\t\t\t<p><strong>Praticien Hospitalier au sein du Service de Psychiatrie adulte <\/strong>&#8211; Centre Esquirol, CHU de Caen<\/p>\t\t\t\t\t\t\t\t<\/div>\n\t\t\t\t<div class=\"elementor-element elementor-element-24bb617 elementor-widget elementor-widget-heading\" data-id=\"24bb617\" data-element_type=\"widget\" data-widget_type=\"heading.default\">\n\t\t\t\t\t<span class=\"elementor-heading-title elementor-size-default\">La course au bien-\u00eatre en sant\u00e9 mentale<\/span>\t\t\t\t<\/div>\n\t\t\t\t<div class=\"elementor-element elementor-element-76f3333 elementor-widget elementor-widget-heading\" data-id=\"76f3333\" data-element_type=\"widget\" data-widget_type=\"heading.default\">\n\t\t\t\t\t<span class=\"elementor-heading-title elementor-size-default\"><a href=\"https:\/\/colloque-le-mouvement-pour-une-meilleure-sante-mentale.fr\/wp-content\/uploads\/2025\/11\/Maxime-Trehout-definition.pdf\" target=\"_blank\">T\u00e9l\u00e9chargez son intervention<\/a><\/span>\t\t\t\t<\/div>\n\t\t\t\t<\/div>\n\t\t\t\t<\/div>\n\t\t\t\t<\/div>\n\t\t\t\t<\/div>\n\t\t<div class=\"elementor-element elementor-element-849e528 e-con-full e-flex e-con e-child\" data-id=\"849e528\" data-element_type=\"container\">\n\t\t<div class=\"elementor-element elementor-element-e6623f0 e-con-full e-flex e-con e-child\" data-id=\"e6623f0\" data-element_type=\"container\">\n\t\t\t\t<div class=\"elementor-element elementor-element-8e9f25d elementor-widget elementor-widget-heading\" data-id=\"8e9f25d\" data-element_type=\"widget\" data-widget_type=\"heading.default\">\n\t\t\t\t\t<span class=\"elementor-heading-title elementor-size-default\">10h15 - 10h20<\/span>\t\t\t\t<\/div>\n\t\t\t\t<div class=\"elementor-element elementor-element-9ce0e3e elementor-widget elementor-widget-heading\" data-id=\"9ce0e3e\" data-element_type=\"widget\" data-widget_type=\"heading.default\">\n\t\t\t\t\t<span class=\"elementor-heading-title elementor-size-default\">Introduction<\/span>\t\t\t\t<\/div>\n\t\t\t\t<\/div>\n\t\t<div class=\"elementor-element elementor-element-82eded2 e-con-full e-flex e-con e-child\" data-id=\"82eded2\" data-element_type=\"container\">\n\t\t<div class=\"elementor-element elementor-element-68bd28e e-con-full e-flex e-con e-child\" data-id=\"68bd28e\" data-element_type=\"container\">\n\t\t\t\t<div class=\"elementor-element elementor-element-585a216 elementor-widget elementor-widget-image\" data-id=\"585a216\" data-element_type=\"widget\" data-widget_type=\"image.default\">\n\t\t\t\t\t\t\t\t\t\t\t\t\t\t\t<img loading=\"lazy\" decoding=\"async\" width=\"200\" height=\"200\" src=\"https:\/\/colloque-le-mouvement-pour-une-meilleure-sante-mentale.fr\/wp-content\/uploads\/2025\/09\/Bruno-Rogowski.jpg\" class=\"attachment-large size-large wp-image-18\" alt=\"\" srcset=\"https:\/\/colloque-le-mouvement-pour-une-meilleure-sante-mentale.fr\/wp-content\/uploads\/2025\/09\/Bruno-Rogowski.jpg 200w, https:\/\/colloque-le-mouvement-pour-une-meilleure-sante-mentale.fr\/wp-content\/uploads\/2025\/09\/Bruno-Rogowski-150x150.jpg 150w\" sizes=\"(max-width: 200px) 100vw, 200px\" \/>\t\t\t\t\t\t\t\t\t\t\t\t\t\t\t<\/div>\n\t\t<div class=\"elementor-element elementor-element-0183166 e-con-full e-flex e-con e-child\" data-id=\"0183166\" data-element_type=\"container\">\n\t\t\t\t<div class=\"elementor-element elementor-element-86ec95b elementor-widget elementor-widget-heading\" data-id=\"86ec95b\" data-element_type=\"widget\" data-widget_type=\"heading.default\">\n\t\t\t\t\t<span class=\"elementor-heading-title elementor-size-default\">Bruno Rogowski<\/span>\t\t\t\t<\/div>\n\t\t\t\t<div class=\"elementor-element elementor-element-4bcb099 elementor-widget elementor-widget-text-editor\" data-id=\"4bcb099\" data-element_type=\"widget\" data-widget_type=\"text-editor.default\">\n\t\t\t\t\t\t\t\t\t<p><strong>Animateur<\/strong><\/p>\t\t\t\t\t\t\t\t<\/div>\n\t\t\t\t<\/div>\n\t\t\t\t<\/div>\n\t\t\t\t<\/div>\n\t\t\t\t<\/div>\n\t\t<div class=\"elementor-element elementor-element-fcc7e93 e-flex e-con-boxed e-con e-child\" data-id=\"fcc7e93\" data-element_type=\"container\">\n\t\t\t\t\t<div class=\"e-con-inner\">\n\t\t\t\t<div class=\"elementor-element elementor-element-29765af elementor-widget elementor-widget-image\" data-id=\"29765af\" data-element_type=\"widget\" data-widget_type=\"image.default\">\n\t\t\t\t\t\t\t\t\t\t\t\t\t\t\t<img loading=\"lazy\" decoding=\"async\" width=\"1024\" height=\"102\" src=\"https:\/\/colloque-le-mouvement-pour-une-meilleure-sante-mentale.fr\/wp-content\/uploads\/2025\/09\/Design-sans-titre-1-1-1024x102.png\" class=\"attachment-large size-large wp-image-30\" alt=\"\" srcset=\"https:\/\/colloque-le-mouvement-pour-une-meilleure-sante-mentale.fr\/wp-content\/uploads\/2025\/09\/Design-sans-titre-1-1-1024x102.png 1024w, https:\/\/colloque-le-mouvement-pour-une-meilleure-sante-mentale.fr\/wp-content\/uploads\/2025\/09\/Design-sans-titre-1-1-300x30.png 300w, https:\/\/colloque-le-mouvement-pour-une-meilleure-sante-mentale.fr\/wp-content\/uploads\/2025\/09\/Design-sans-titre-1-1-768x77.png 768w, https:\/\/colloque-le-mouvement-pour-une-meilleure-sante-mentale.fr\/wp-content\/uploads\/2025\/09\/Design-sans-titre-1-1-1536x154.png 1536w, https:\/\/colloque-le-mouvement-pour-une-meilleure-sante-mentale.fr\/wp-content\/uploads\/2025\/09\/Design-sans-titre-1-1.png 2000w\" sizes=\"(max-width: 1024px) 100vw, 1024px\" \/>\t\t\t\t\t\t\t\t\t\t\t\t\t\t\t<\/div>\n\t\t\t\t\t<\/div>\n\t\t\t\t<\/div>\n\t\t<div class=\"elementor-element elementor-element-82147c9 e-con-full e-flex e-con e-child\" data-id=\"82147c9\" data-element_type=\"container\">\n\t\t<div class=\"elementor-element elementor-element-1f0e505 e-con-full e-flex e-con e-child\" data-id=\"1f0e505\" data-element_type=\"container\">\n\t\t\t\t<div class=\"elementor-element elementor-element-33329d5 elementor-widget elementor-widget-heading\" data-id=\"33329d5\" data-element_type=\"widget\" data-widget_type=\"heading.default\">\n\t\t\t\t\t<span class=\"elementor-heading-title elementor-size-default\">10h20 - 11h30<\/span>\t\t\t\t<\/div>\n\t\t\t\t<div class=\"elementor-element elementor-element-0ed7484 elementor-widget elementor-widget-heading\" data-id=\"0ed7484\" data-element_type=\"widget\" data-widget_type=\"heading.default\">\n\t\t\t\t\t<span class=\"elementor-heading-title elementor-size-default\">Prot\u00e9ger sa sant\u00e9 mentale tout au long de la vie  - Population g\u00e9n\u00e9rale\n<\/span>\t\t\t\t<\/div>\n\t\t\t\t<\/div>\n\t\t<div class=\"elementor-element elementor-element-732a349 e-con-full e-flex e-con e-child\" data-id=\"732a349\" data-element_type=\"container\">\n\t\t<div class=\"elementor-element elementor-element-7d78a60 e-con-full e-flex e-con e-child\" data-id=\"7d78a60\" data-element_type=\"container\">\n\t\t\t\t<div class=\"elementor-element elementor-element-4c2bf08 elementor-widget elementor-widget-image\" data-id=\"4c2bf08\" data-element_type=\"widget\" data-widget_type=\"image.default\">\n\t\t\t\t\t\t\t\t\t\t\t\t\t\t\t<img loading=\"lazy\" decoding=\"async\" width=\"512\" height=\"512\" src=\"https:\/\/colloque-le-mouvement-pour-une-meilleure-sante-mentale.fr\/wp-content\/uploads\/2025\/09\/Arnaud-Philippot.jpg\" class=\"attachment-large size-large wp-image-24\" alt=\"\" srcset=\"https:\/\/colloque-le-mouvement-pour-une-meilleure-sante-mentale.fr\/wp-content\/uploads\/2025\/09\/Arnaud-Philippot.jpg 512w, https:\/\/colloque-le-mouvement-pour-une-meilleure-sante-mentale.fr\/wp-content\/uploads\/2025\/09\/Arnaud-Philippot-300x300.jpg 300w, https:\/\/colloque-le-mouvement-pour-une-meilleure-sante-mentale.fr\/wp-content\/uploads\/2025\/09\/Arnaud-Philippot-150x150.jpg 150w\" sizes=\"(max-width: 512px) 100vw, 512px\" \/>\t\t\t\t\t\t\t\t\t\t\t\t\t\t\t<\/div>\n\t\t<div class=\"elementor-element elementor-element-a42b233 e-con-full e-flex e-con e-child\" data-id=\"a42b233\" data-element_type=\"container\">\n\t\t\t\t<div class=\"elementor-element elementor-element-e31b7fe elementor-widget elementor-widget-heading\" data-id=\"e31b7fe\" data-element_type=\"widget\" data-widget_type=\"heading.default\">\n\t\t\t\t\t<span class=\"elementor-heading-title elementor-size-default\">Arnaud Philippot<\/span>\t\t\t\t<\/div>\n\t\t\t\t<div class=\"elementor-element elementor-element-20dda2c elementor-widget elementor-widget-text-editor\" data-id=\"20dda2c\" data-element_type=\"widget\" data-widget_type=\"text-editor.default\">\n\t\t\t\t\t\t\t\t\t<p><strong>Chercheur associ\u00e9<\/strong> &#8211;\u00a0<span data-olk-copy-source=\"MessageBody\">Groupe de recherche sur l&rsquo;activit\u00e9 physique adapt\u00e9e et la r\u00e9\u00e9ducation psychomotrice, KU Leuven<\/span><\/p>\t\t\t\t\t\t\t\t<\/div>\n\t\t\t\t<div class=\"elementor-element elementor-element-ceeb8c6 elementor-widget elementor-widget-heading\" data-id=\"ceeb8c6\" data-element_type=\"widget\" data-widget_type=\"heading.default\">\n\t\t\t\t\t<span class=\"elementor-heading-title elementor-size-default\">L'effet protecteur de l'activit\u00e9 physique sur la sant\u00e9 mentale<\/span>\t\t\t\t<\/div>\n\t\t\t\t<div class=\"elementor-element elementor-element-42aa632 elementor-widget elementor-widget-heading\" data-id=\"42aa632\" data-element_type=\"widget\" data-widget_type=\"heading.default\">\n\t\t\t\t\t<span class=\"elementor-heading-title elementor-size-default\"><a href=\"https:\/\/colloque-le-mouvement-pour-une-meilleure-sante-mentale.fr\/wp-content\/uploads\/2025\/11\/Arnaud-Philippot-expert.pdf\" target=\"_blank\">T\u00e9l\u00e9chargez son intervention<\/a><\/span>\t\t\t\t<\/div>\n\t\t\t\t<\/div>\n\t\t\t\t<\/div>\n\t\t\t\t<div class=\"elementor-element elementor-element-812853f elementor-widget elementor-widget-image\" data-id=\"812853f\" data-element_type=\"widget\" data-widget_type=\"image.default\">\n\t\t\t\t\t\t\t\t\t\t\t\t\t\t\t<img loading=\"lazy\" decoding=\"async\" width=\"2000\" height=\"200\" src=\"https:\/\/colloque-le-mouvement-pour-une-meilleure-sante-mentale.fr\/wp-content\/uploads\/2025\/09\/Design-sans-titre-2.png\" class=\"attachment-full size-full wp-image-25\" alt=\"\" srcset=\"https:\/\/colloque-le-mouvement-pour-une-meilleure-sante-mentale.fr\/wp-content\/uploads\/2025\/09\/Design-sans-titre-2.png 2000w, https:\/\/colloque-le-mouvement-pour-une-meilleure-sante-mentale.fr\/wp-content\/uploads\/2025\/09\/Design-sans-titre-2-300x30.png 300w, https:\/\/colloque-le-mouvement-pour-une-meilleure-sante-mentale.fr\/wp-content\/uploads\/2025\/09\/Design-sans-titre-2-1024x102.png 1024w, https:\/\/colloque-le-mouvement-pour-une-meilleure-sante-mentale.fr\/wp-content\/uploads\/2025\/09\/Design-sans-titre-2-768x77.png 768w, https:\/\/colloque-le-mouvement-pour-une-meilleure-sante-mentale.fr\/wp-content\/uploads\/2025\/09\/Design-sans-titre-2-1536x154.png 1536w\" sizes=\"(max-width: 2000px) 100vw, 2000px\" \/>\t\t\t\t\t\t\t\t\t\t\t\t\t\t\t<\/div>\n\t\t<div class=\"elementor-element elementor-element-1541719 e-grid e-con-full e-con e-child\" data-id=\"1541719\" data-element_type=\"container\">\n\t\t<div class=\"elementor-element elementor-element-303d534 e-con-full e-flex e-con e-child\" data-id=\"303d534\" data-element_type=\"container\">\n\t\t\t\t<div class=\"elementor-element elementor-element-103b046 elementor-widget elementor-widget-image\" data-id=\"103b046\" data-element_type=\"widget\" data-widget_type=\"image.default\">\n\t\t\t\t\t\t\t\t\t\t\t\t\t\t\t<img loading=\"lazy\" decoding=\"async\" width=\"521\" height=\"578\" src=\"https:\/\/colloque-le-mouvement-pour-une-meilleure-sante-mentale.fr\/wp-content\/uploads\/2025\/09\/Cecile-LANGLET.jpg\" class=\"attachment-large size-large wp-image-26\" alt=\"\" srcset=\"https:\/\/colloque-le-mouvement-pour-une-meilleure-sante-mentale.fr\/wp-content\/uploads\/2025\/09\/Cecile-LANGLET.jpg 521w, https:\/\/colloque-le-mouvement-pour-une-meilleure-sante-mentale.fr\/wp-content\/uploads\/2025\/09\/Cecile-LANGLET-270x300.jpg 270w\" sizes=\"(max-width: 521px) 100vw, 521px\" \/>\t\t\t\t\t\t\t\t\t\t\t\t\t\t\t<\/div>\n\t\t<div class=\"elementor-element elementor-element-ded961f e-con-full e-flex e-con e-child\" data-id=\"ded961f\" data-element_type=\"container\">\n\t\t\t\t<div class=\"elementor-element elementor-element-e7e3085 elementor-widget elementor-widget-heading\" data-id=\"e7e3085\" data-element_type=\"widget\" data-widget_type=\"heading.default\">\n\t\t\t\t\t<span class=\"elementor-heading-title elementor-size-default\">C\u00e9cile Langlet<\/span>\t\t\t\t<\/div>\n\t\t\t\t<div class=\"elementor-element elementor-element-7bfeba8 elementor-widget elementor-widget-text-editor\" data-id=\"7bfeba8\" data-element_type=\"widget\" data-widget_type=\"text-editor.default\">\n\t\t\t\t\t\t\t\t\t<p><strong><span data-olk-copy-source=\"MessageBody\">Professeur des Universit\u00e9s \u2013 Responsable p\u00e9dagogique du Master Conception et Organisation des APA-S<\/span><\/strong> &#8211; Universit\u00e9 de Lorraine<\/p>\t\t\t\t\t\t\t\t<\/div>\n\t\t\t\t<div class=\"elementor-element elementor-element-2071df7 elementor-widget elementor-widget-heading\" data-id=\"2071df7\" data-element_type=\"widget\" data-widget_type=\"heading.default\">\n\t\t\t\t\t<span class=\"elementor-heading-title elementor-size-default\">Le mouvement au c\u0153ur des biblioth\u00e8ques universitaires : quand l\u2019APA soutient la sant\u00e9 mentale \u00e9tudiante<\/span>\t\t\t\t<\/div>\n\t\t\t\t<div class=\"elementor-element elementor-element-f232390 elementor-widget elementor-widget-heading\" data-id=\"f232390\" data-element_type=\"widget\" data-widget_type=\"heading.default\">\n\t\t\t\t\t<span class=\"elementor-heading-title elementor-size-default\"><a href=\"https:\/\/onaps.fr\/wp-content\/uploads\/2026\/01\/Cecile-Langlet.pdf\" target=\"_blank\">T\u00e9l\u00e9chargez le r\u00e9sum\u00e9 de son intervention<\/a><\/span>\t\t\t\t<\/div>\n\t\t\t\t<\/div>\n\t\t\t\t<\/div>\n\t\t<div class=\"elementor-element elementor-element-f092135 e-con-full e-flex e-con e-child\" data-id=\"f092135\" data-element_type=\"container\">\n\t\t\t\t<div class=\"elementor-element elementor-element-db42061 elementor-widget elementor-widget-image\" data-id=\"db42061\" data-element_type=\"widget\" data-widget_type=\"image.default\">\n\t\t\t\t\t\t\t\t\t\t\t\t\t\t\t<img loading=\"lazy\" decoding=\"async\" width=\"627\" height=\"1024\" src=\"https:\/\/colloque-le-mouvement-pour-une-meilleure-sante-mentale.fr\/wp-content\/uploads\/2025\/09\/Maude-LUHERNE-627x1024.jpg\" class=\"attachment-large size-large wp-image-236\" alt=\"\" srcset=\"https:\/\/colloque-le-mouvement-pour-une-meilleure-sante-mentale.fr\/wp-content\/uploads\/2025\/09\/Maude-LUHERNE-627x1024.jpg 627w, https:\/\/colloque-le-mouvement-pour-une-meilleure-sante-mentale.fr\/wp-content\/uploads\/2025\/09\/Maude-LUHERNE-184x300.jpg 184w, https:\/\/colloque-le-mouvement-pour-une-meilleure-sante-mentale.fr\/wp-content\/uploads\/2025\/09\/Maude-LUHERNE.jpg 638w\" sizes=\"(max-width: 627px) 100vw, 627px\" \/>\t\t\t\t\t\t\t\t\t\t\t\t\t\t\t<\/div>\n\t\t<div class=\"elementor-element elementor-element-78151ea e-con-full e-flex e-con e-child\" data-id=\"78151ea\" data-element_type=\"container\">\n\t\t\t\t<div class=\"elementor-element elementor-element-40b617c elementor-widget elementor-widget-heading\" data-id=\"40b617c\" data-element_type=\"widget\" data-widget_type=\"heading.default\">\n\t\t\t\t\t<span class=\"elementor-heading-title elementor-size-default\">Maude Luherne<\/span>\t\t\t\t<\/div>\n\t\t\t\t<div class=\"elementor-element elementor-element-949edf5 elementor-widget elementor-widget-text-editor\" data-id=\"949edf5\" data-element_type=\"widget\" data-widget_type=\"text-editor.default\">\n\t\t\t\t\t\t\t\t\t<p><strong>Directrice<\/strong> &#8211; R\u00e9seau Fran\u00e7ais Villes-Sant\u00e9 OMS<\/p>\t\t\t\t\t\t\t\t<\/div>\n\t\t\t\t<div class=\"elementor-element elementor-element-f2aec64 elementor-widget elementor-widget-heading\" data-id=\"f2aec64\" data-element_type=\"widget\" data-widget_type=\"heading.default\">\n\t\t\t\t\t<span class=\"elementor-heading-title elementor-size-default\">Les villes et les intercommunalit\u00e9s en mouvement pour la sant\u00e9 mentale<\/span>\t\t\t\t<\/div>\n\t\t\t\t<div class=\"elementor-element elementor-element-edda0f8 elementor-widget elementor-widget-heading\" data-id=\"edda0f8\" data-element_type=\"widget\" data-widget_type=\"heading.default\">\n\t\t\t\t\t<span class=\"elementor-heading-title elementor-size-default\"><a href=\"https:\/\/onaps.fr\/wp-content\/uploads\/2026\/01\/Maude-Luherne.pdf\" target=\"_blank\">T\u00e9l\u00e9chargez le r\u00e9sum\u00e9 de son intervention<\/a><\/span>\t\t\t\t<\/div>\n\t\t\t\t<\/div>\n\t\t\t\t<\/div>\n\t\t<div class=\"elementor-element elementor-element-6e11101 e-con-full e-flex e-con e-child\" data-id=\"6e11101\" data-element_type=\"container\">\n\t\t\t\t<div class=\"elementor-element elementor-element-d0c2229 elementor-widget elementor-widget-image\" data-id=\"d0c2229\" data-element_type=\"widget\" data-widget_type=\"image.default\">\n\t\t\t\t\t\t\t\t\t\t\t\t\t\t\t<img loading=\"lazy\" decoding=\"async\" width=\"721\" height=\"724\" src=\"https:\/\/colloque-le-mouvement-pour-une-meilleure-sante-mentale.fr\/wp-content\/uploads\/2025\/09\/Lucie-PINCHERA.jpg\" class=\"attachment-large size-large wp-image-111\" alt=\"\" srcset=\"https:\/\/colloque-le-mouvement-pour-une-meilleure-sante-mentale.fr\/wp-content\/uploads\/2025\/09\/Lucie-PINCHERA.jpg 721w, https:\/\/colloque-le-mouvement-pour-une-meilleure-sante-mentale.fr\/wp-content\/uploads\/2025\/09\/Lucie-PINCHERA-300x300.jpg 300w, https:\/\/colloque-le-mouvement-pour-une-meilleure-sante-mentale.fr\/wp-content\/uploads\/2025\/09\/Lucie-PINCHERA-150x150.jpg 150w\" sizes=\"(max-width: 721px) 100vw, 721px\" \/>\t\t\t\t\t\t\t\t\t\t\t\t\t\t\t<\/div>\n\t\t<div class=\"elementor-element elementor-element-8a141c6 e-con-full e-flex e-con e-child\" data-id=\"8a141c6\" data-element_type=\"container\">\n\t\t\t\t<div class=\"elementor-element elementor-element-c1bdf53 elementor-widget elementor-widget-heading\" data-id=\"c1bdf53\" data-element_type=\"widget\" data-widget_type=\"heading.default\">\n\t\t\t\t\t<span class=\"elementor-heading-title elementor-size-default\">Lucie Pinchera<\/span>\t\t\t\t<\/div>\n\t\t\t\t<div class=\"elementor-element elementor-element-a662cbd elementor-widget elementor-widget-text-editor\" data-id=\"a662cbd\" data-element_type=\"widget\" data-widget_type=\"text-editor.default\">\n\t\t\t\t\t\t\t\t\t<p><strong>Coordinatrice DAPAP<\/strong> &#8211; Comit\u00e9 Olympique et Sportif de la Dr\u00f4me<\/p>\t\t\t\t\t\t\t\t<\/div>\n\t\t\t\t<div class=\"elementor-element elementor-element-d3017f6 elementor-widget elementor-widget-heading\" data-id=\"d3017f6\" data-element_type=\"widget\" data-widget_type=\"heading.default\">\n\t\t\t\t\t<span class=\"elementor-heading-title elementor-size-default\">Pr\u00e9server et am\u00e9liorer la sant\u00e9 mentale des adultes et des personnes \u00e2g\u00e9es vivant \u00e0 domicile<\/span>\t\t\t\t<\/div>\n\t\t\t\t<div class=\"elementor-element elementor-element-dadb53d elementor-widget elementor-widget-heading\" data-id=\"dadb53d\" data-element_type=\"widget\" data-widget_type=\"heading.default\">\n\t\t\t\t\t<span class=\"elementor-heading-title elementor-size-default\"><a href=\"https:\/\/onaps.fr\/wp-content\/uploads\/2026\/01\/Lucie-Pinchera.pdf\" target=\"_blank\">T\u00e9l\u00e9chargez le r\u00e9sum\u00e9 de son intervention<\/a><\/span>\t\t\t\t<\/div>\n\t\t\t\t<\/div>\n\t\t\t\t<\/div>\n\t\t<div class=\"elementor-element elementor-element-ec89d93 e-con-full e-flex e-con e-child\" data-id=\"ec89d93\" data-element_type=\"container\">\n\t\t<div class=\"elementor-element elementor-element-7fee4e8 e-con-full e-flex e-con e-child\" data-id=\"7fee4e8\" data-element_type=\"container\">\n\t\t<div class=\"elementor-element elementor-element-85c7702 e-con-full e-flex e-con e-child\" data-id=\"85c7702\" data-element_type=\"container\">\n\t\t\t\t<div class=\"elementor-element elementor-element-b48c929 elementor-widget elementor-widget-image\" data-id=\"b48c929\" data-element_type=\"widget\" data-widget_type=\"image.default\">\n\t\t\t\t\t\t\t\t\t\t\t\t\t\t\t<img loading=\"lazy\" decoding=\"async\" width=\"681\" height=\"1024\" src=\"https:\/\/colloque-le-mouvement-pour-une-meilleure-sante-mentale.fr\/wp-content\/uploads\/2025\/10\/suzanne-lafont-facilitation-des-transitions-individuelles-et-collectives-681x1024.jpeg\" class=\"attachment-large size-large wp-image-265\" alt=\"\" srcset=\"https:\/\/colloque-le-mouvement-pour-une-meilleure-sante-mentale.fr\/wp-content\/uploads\/2025\/10\/suzanne-lafont-facilitation-des-transitions-individuelles-et-collectives-681x1024.jpeg 681w, https:\/\/colloque-le-mouvement-pour-une-meilleure-sante-mentale.fr\/wp-content\/uploads\/2025\/10\/suzanne-lafont-facilitation-des-transitions-individuelles-et-collectives-200x300.jpeg 200w, https:\/\/colloque-le-mouvement-pour-une-meilleure-sante-mentale.fr\/wp-content\/uploads\/2025\/10\/suzanne-lafont-facilitation-des-transitions-individuelles-et-collectives-768x1155.jpeg 768w, https:\/\/colloque-le-mouvement-pour-une-meilleure-sante-mentale.fr\/wp-content\/uploads\/2025\/10\/suzanne-lafont-facilitation-des-transitions-individuelles-et-collectives.jpeg 798w\" sizes=\"(max-width: 681px) 100vw, 681px\" \/>\t\t\t\t\t\t\t\t\t\t\t\t\t\t\t<\/div>\n\t\t<div class=\"elementor-element elementor-element-85c0196 e-con-full e-flex e-con e-child\" data-id=\"85c0196\" data-element_type=\"container\">\n\t\t\t\t<div class=\"elementor-element elementor-element-58be7ed elementor-widget elementor-widget-heading\" data-id=\"58be7ed\" data-element_type=\"widget\" data-widget_type=\"heading.default\">\n\t\t\t\t\t<span class=\"elementor-heading-title elementor-size-default\">Suzanne Lafont<\/span>\t\t\t\t<\/div>\n\t\t\t\t<div class=\"elementor-element elementor-element-ba2c0cc elementor-widget elementor-widget-text-editor\" data-id=\"ba2c0cc\" data-element_type=\"widget\" data-widget_type=\"text-editor.default\">\n\t\t\t\t\t\t\t\t\t<p><strong>Responsable s\u00e9jours adapt\u00e9s <\/strong>&#8211; Association Siel Bleu<\/p>\t\t\t\t\t\t\t\t<\/div>\n\t\t\t\t<div class=\"elementor-element elementor-element-f48eb42 elementor-widget elementor-widget-heading\" data-id=\"f48eb42\" data-element_type=\"widget\" data-widget_type=\"heading.default\">\n\t\t\t\t\t<span class=\"elementor-heading-title elementor-size-default\">Se reconstruire apr\u00e8s un \u00e9puisement professionnel<\/span>\t\t\t\t<\/div>\n\t\t\t\t<\/div>\n\t\t\t\t<\/div>\n\t\t\t\t<\/div>\n\t\t\t\t<\/div>\n\t\t\t\t<\/div>\n\t\t\t\t<div class=\"elementor-element elementor-element-50ffd83 elementor-widget elementor-widget-spacer\" data-id=\"50ffd83\" data-element_type=\"widget\" data-widget_type=\"spacer.default\">\n\t\t\t\t\t\t\t<div class=\"elementor-spacer\">\n\t\t\t<div class=\"elementor-spacer-inner\"><\/div>\n\t\t<\/div>\n\t\t\t\t\t\t<\/div>\n\t\t\t\t<div class=\"elementor-element elementor-element-cf96fad elementor-widget elementor-widget-heading\" data-id=\"cf96fad\" data-element_type=\"widget\" data-widget_type=\"heading.default\">\n\t\t\t\t\t<span class=\"elementor-heading-title elementor-size-default\">Questions \/ R\u00e9ponses<\/span>\t\t\t\t<\/div>\n\t\t\t\t<\/div>\n\t\t\t\t<\/div>\n\t\t<div class=\"elementor-element elementor-element-6fe5102 e-con-full e-flex e-con e-child\" data-id=\"6fe5102\" data-element_type=\"container\">\n\t\t\t\t<div class=\"elementor-element elementor-element-3b0c9c4 elementor-widget elementor-widget-image\" data-id=\"3b0c9c4\" data-element_type=\"widget\" data-widget_type=\"image.default\">\n\t\t\t\t\t\t\t\t\t\t\t\t\t\t\t<img loading=\"lazy\" decoding=\"async\" width=\"2000\" height=\"88\" src=\"https:\/\/colloque-le-mouvement-pour-une-meilleure-sante-mentale.fr\/wp-content\/uploads\/2025\/09\/Sans-titre-200-x-11-mm-1.png\" class=\"attachment-full size-full wp-image-23\" alt=\"\" srcset=\"https:\/\/colloque-le-mouvement-pour-une-meilleure-sante-mentale.fr\/wp-content\/uploads\/2025\/09\/Sans-titre-200-x-11-mm-1.png 2000w, https:\/\/colloque-le-mouvement-pour-une-meilleure-sante-mentale.fr\/wp-content\/uploads\/2025\/09\/Sans-titre-200-x-11-mm-1-300x13.png 300w, https:\/\/colloque-le-mouvement-pour-une-meilleure-sante-mentale.fr\/wp-content\/uploads\/2025\/09\/Sans-titre-200-x-11-mm-1-1024x45.png 1024w, https:\/\/colloque-le-mouvement-pour-une-meilleure-sante-mentale.fr\/wp-content\/uploads\/2025\/09\/Sans-titre-200-x-11-mm-1-768x34.png 768w, https:\/\/colloque-le-mouvement-pour-une-meilleure-sante-mentale.fr\/wp-content\/uploads\/2025\/09\/Sans-titre-200-x-11-mm-1-1536x68.png 1536w\" sizes=\"(max-width: 2000px) 100vw, 2000px\" \/>\t\t\t\t\t\t\t\t\t\t\t\t\t\t\t<\/div>\n\t\t<div class=\"elementor-element elementor-element-9158190 e-con-full e-flex e-con e-child\" data-id=\"9158190\" data-element_type=\"container\" data-settings=\"{&quot;background_background&quot;:&quot;classic&quot;}\">\n\t\t\t\t<div class=\"elementor-element elementor-element-51285b7 elementor-widget elementor-widget-heading\" data-id=\"51285b7\" data-element_type=\"widget\" data-widget_type=\"heading.default\">\n\t\t\t\t\t<span class=\"elementor-heading-title elementor-size-default\">Pause active<\/span>\t\t\t\t<\/div>\n\t\t\t\t<\/div>\n\t\t\t\t<div class=\"elementor-element elementor-element-7af9897 elementor-widget elementor-widget-image\" data-id=\"7af9897\" data-element_type=\"widget\" data-widget_type=\"image.default\">\n\t\t\t\t\t\t\t\t\t\t\t\t\t\t\t<img loading=\"lazy\" decoding=\"async\" width=\"2000\" height=\"88\" src=\"https:\/\/colloque-le-mouvement-pour-une-meilleure-sante-mentale.fr\/wp-content\/uploads\/2025\/09\/Design-sans-titre-1.png\" class=\"attachment-full size-full wp-image-17\" alt=\"\" srcset=\"https:\/\/colloque-le-mouvement-pour-une-meilleure-sante-mentale.fr\/wp-content\/uploads\/2025\/09\/Design-sans-titre-1.png 2000w, https:\/\/colloque-le-mouvement-pour-une-meilleure-sante-mentale.fr\/wp-content\/uploads\/2025\/09\/Design-sans-titre-1-300x13.png 300w, https:\/\/colloque-le-mouvement-pour-une-meilleure-sante-mentale.fr\/wp-content\/uploads\/2025\/09\/Design-sans-titre-1-1024x45.png 1024w, https:\/\/colloque-le-mouvement-pour-une-meilleure-sante-mentale.fr\/wp-content\/uploads\/2025\/09\/Design-sans-titre-1-768x34.png 768w, https:\/\/colloque-le-mouvement-pour-une-meilleure-sante-mentale.fr\/wp-content\/uploads\/2025\/09\/Design-sans-titre-1-1536x68.png 1536w\" sizes=\"(max-width: 2000px) 100vw, 2000px\" \/>\t\t\t\t\t\t\t\t\t\t\t\t\t\t\t<\/div>\n\t\t\t\t<\/div>\n\t\t<div class=\"elementor-element elementor-element-4686e6c e-con-full e-flex e-con e-child\" data-id=\"4686e6c\" data-element_type=\"container\">\n\t\t<div class=\"elementor-element elementor-element-b992c8d e-con-full e-flex e-con e-child\" data-id=\"b992c8d\" data-element_type=\"container\">\n\t\t\t\t<div class=\"elementor-element elementor-element-2e13d86 elementor-widget elementor-widget-heading\" data-id=\"2e13d86\" data-element_type=\"widget\" data-widget_type=\"heading.default\">\n\t\t\t\t\t<span class=\"elementor-heading-title elementor-size-default\">11h35 - 12h45<\/span>\t\t\t\t<\/div>\n\t\t\t\t<div class=\"elementor-element elementor-element-024d2b8 elementor-widget elementor-widget-heading\" data-id=\"024d2b8\" data-element_type=\"widget\" data-widget_type=\"heading.default\">\n\t\t\t\t\t<span class=\"elementor-heading-title elementor-size-default\">Prot\u00e9ger sa sant\u00e9 mentale tout au long de la vie - Population en situation de vuln\u00e9rabilit\u00e9<\/span>\t\t\t\t<\/div>\n\t\t\t\t<\/div>\n\t\t<div class=\"elementor-element elementor-element-7b46980 e-con-full e-flex e-con e-child\" data-id=\"7b46980\" data-element_type=\"container\">\n\t\t<div class=\"elementor-element elementor-element-3608d69 e-con-full e-flex e-con e-child\" data-id=\"3608d69\" data-element_type=\"container\">\n\t\t\t\t<div class=\"elementor-element elementor-element-65a35e0 elementor-widget elementor-widget-image\" data-id=\"65a35e0\" data-element_type=\"widget\" data-widget_type=\"image.default\">\n\t\t\t\t\t\t\t\t\t\t\t\t\t\t\t<img decoding=\"async\" src=\"https:\/\/colloque-le-mouvement-pour-une-meilleure-sante-mentale.fr\/wp-content\/uploads\/elementor\/thumbs\/Fabien-LEGRAND-rbu0eowwsxsvqzyitr0z06oirg4ck5ohoddsszs1i0.jpg\" title=\"Fabien-LEGRAND.jpg\" alt=\"Fabien-LEGRAND.jpg\" loading=\"lazy\" \/>\t\t\t\t\t\t\t\t\t\t\t\t\t\t\t<\/div>\n\t\t<div class=\"elementor-element elementor-element-458e5bd e-con-full e-flex e-con e-child\" data-id=\"458e5bd\" data-element_type=\"container\">\n\t\t\t\t<div class=\"elementor-element elementor-element-b9e6d86 elementor-widget elementor-widget-heading\" data-id=\"b9e6d86\" data-element_type=\"widget\" data-widget_type=\"heading.default\">\n\t\t\t\t\t<span class=\"elementor-heading-title elementor-size-default\">Fabien Legrand<\/span>\t\t\t\t<\/div>\n\t\t\t\t<div class=\"elementor-element elementor-element-d6f8985 elementor-widget elementor-widget-text-editor\" data-id=\"d6f8985\" data-element_type=\"widget\" data-widget_type=\"text-editor.default\">\n\t\t\t\t\t\t\t\t\t<p><strong>Ma\u00eetre de conf\u00e9rences HDR en psychologie et en STAPS<\/strong> &#8211; <span data-olk-copy-source=\"MessageBody\">UFR STAPS et Laboratoire Cognition, Sant\u00e9, Soci\u00e9t\u00e9 &#8211; Universit\u00e9 de Reims Champagne-Ardenne<\/span><\/p>\t\t\t\t\t\t\t\t<\/div>\n\t\t\t\t<div class=\"elementor-element elementor-element-6aa6f00 elementor-widget elementor-widget-heading\" data-id=\"6aa6f00\" data-element_type=\"widget\" data-widget_type=\"heading.default\">\n\t\t\t\t\t<span class=\"elementor-heading-title elementor-size-default\">Int\u00e9r\u00eat de l'activit\u00e9 physique pour la r\u00e9duction rapide des sympt\u00f4mes de d\u00e9pression<\/span>\t\t\t\t<\/div>\n\t\t\t\t<div class=\"elementor-element elementor-element-e79bccb elementor-widget elementor-widget-heading\" data-id=\"e79bccb\" data-element_type=\"widget\" data-widget_type=\"heading.default\">\n\t\t\t\t\t<span class=\"elementor-heading-title elementor-size-default\"><a href=\"https:\/\/colloque-le-mouvement-pour-une-meilleure-sante-mentale.fr\/wp-content\/uploads\/2025\/11\/presentation-Fabien-Legrand-expert.pdf\" target=\"_blank\">T\u00e9l\u00e9chargez son intervention<\/a><\/span>\t\t\t\t<\/div>\n\t\t\t\t<\/div>\n\t\t\t\t<\/div>\n\t\t\t\t<div class=\"elementor-element elementor-element-6e6492e elementor-widget elementor-widget-image\" data-id=\"6e6492e\" data-element_type=\"widget\" data-widget_type=\"image.default\">\n\t\t\t\t\t\t\t\t\t\t\t\t\t\t\t<img loading=\"lazy\" decoding=\"async\" width=\"2000\" height=\"200\" src=\"https:\/\/colloque-le-mouvement-pour-une-meilleure-sante-mentale.fr\/wp-content\/uploads\/2025\/09\/Design-sans-titre-2.png\" class=\"attachment-full size-full wp-image-25\" alt=\"\" srcset=\"https:\/\/colloque-le-mouvement-pour-une-meilleure-sante-mentale.fr\/wp-content\/uploads\/2025\/09\/Design-sans-titre-2.png 2000w, https:\/\/colloque-le-mouvement-pour-une-meilleure-sante-mentale.fr\/wp-content\/uploads\/2025\/09\/Design-sans-titre-2-300x30.png 300w, https:\/\/colloque-le-mouvement-pour-une-meilleure-sante-mentale.fr\/wp-content\/uploads\/2025\/09\/Design-sans-titre-2-1024x102.png 1024w, https:\/\/colloque-le-mouvement-pour-une-meilleure-sante-mentale.fr\/wp-content\/uploads\/2025\/09\/Design-sans-titre-2-768x77.png 768w, https:\/\/colloque-le-mouvement-pour-une-meilleure-sante-mentale.fr\/wp-content\/uploads\/2025\/09\/Design-sans-titre-2-1536x154.png 1536w\" sizes=\"(max-width: 2000px) 100vw, 2000px\" \/>\t\t\t\t\t\t\t\t\t\t\t\t\t\t\t<\/div>\n\t\t<div class=\"elementor-element elementor-element-ae618c9 e-grid e-con-full e-con e-child\" data-id=\"ae618c9\" data-element_type=\"container\">\n\t\t<div class=\"elementor-element elementor-element-f387cbd e-con-full e-flex e-con e-child\" data-id=\"f387cbd\" data-element_type=\"container\">\n\t\t\t\t<div class=\"elementor-element elementor-element-7cfdaf4 elementor-widget elementor-widget-image\" data-id=\"7cfdaf4\" data-element_type=\"widget\" data-widget_type=\"image.default\">\n\t\t\t\t\t\t\t\t\t\t\t\t\t\t\t<img loading=\"lazy\" decoding=\"async\" width=\"200\" height=\"200\" src=\"https:\/\/colloque-le-mouvement-pour-une-meilleure-sante-mentale.fr\/wp-content\/uploads\/2025\/09\/Bassirou-SOW.jpeg\" class=\"attachment-large size-large wp-image-32\" alt=\"\" srcset=\"https:\/\/colloque-le-mouvement-pour-une-meilleure-sante-mentale.fr\/wp-content\/uploads\/2025\/09\/Bassirou-SOW.jpeg 200w, https:\/\/colloque-le-mouvement-pour-une-meilleure-sante-mentale.fr\/wp-content\/uploads\/2025\/09\/Bassirou-SOW-150x150.jpeg 150w\" sizes=\"(max-width: 200px) 100vw, 200px\" \/>\t\t\t\t\t\t\t\t\t\t\t\t\t\t\t<\/div>\n\t\t<div class=\"elementor-element elementor-element-4c3b278 e-con-full e-flex e-con e-child\" data-id=\"4c3b278\" data-element_type=\"container\">\n\t\t\t\t<div class=\"elementor-element elementor-element-7c4ff69 elementor-widget elementor-widget-heading\" data-id=\"7c4ff69\" data-element_type=\"widget\" data-widget_type=\"heading.default\">\n\t\t\t\t\t<span class=\"elementor-heading-title elementor-size-default\">Bassirou Sow<\/span>\t\t\t\t<\/div>\n\t\t\t\t<div class=\"elementor-element elementor-element-d313dbc elementor-widget elementor-widget-text-editor\" data-id=\"d313dbc\" data-element_type=\"widget\" data-widget_type=\"text-editor.default\">\n\t\t\t\t\t\t\t\t\t<p><strong>Ing\u00e9nieur en APA et Doctorant en STAPS<\/strong> &#8211; INDOOR SANT\u00c9<\/p>\t\t\t\t\t\t\t\t<\/div>\n\t\t\t\t<div class=\"elementor-element elementor-element-bfaf442 elementor-widget elementor-widget-heading\" data-id=\"bfaf442\" data-element_type=\"widget\" data-widget_type=\"heading.default\">\n\t\t\t\t\t<span class=\"elementor-heading-title elementor-size-default\">Sourire en mouvement et Respi'moov : l'activit\u00e9 physique adapt\u00e9e au service de l'aidant<\/span>\t\t\t\t<\/div>\n\t\t\t\t<div class=\"elementor-element elementor-element-2a868d0 elementor-widget elementor-widget-heading\" data-id=\"2a868d0\" data-element_type=\"widget\" data-widget_type=\"heading.default\">\n\t\t\t\t\t<span class=\"elementor-heading-title elementor-size-default\"><a href=\"https:\/\/onaps.fr\/wp-content\/uploads\/2026\/01\/Bassirou-Sow.pdf\" target=\"_blank\">T\u00e9l\u00e9chargez le r\u00e9sum\u00e9 de son intervention<\/a><\/span>\t\t\t\t<\/div>\n\t\t\t\t<\/div>\n\t\t\t\t<\/div>\n\t\t<div class=\"elementor-element elementor-element-b1b9627 e-con-full e-flex e-con e-child\" data-id=\"b1b9627\" data-element_type=\"container\">\n\t\t\t\t<div class=\"elementor-element elementor-element-06d9a1b elementor-widget elementor-widget-image\" data-id=\"06d9a1b\" data-element_type=\"widget\" data-widget_type=\"image.default\">\n\t\t\t\t\t\t\t\t\t\t\t\t\t\t\t<img loading=\"lazy\" decoding=\"async\" width=\"800\" height=\"800\" src=\"https:\/\/colloque-le-mouvement-pour-une-meilleure-sante-mentale.fr\/wp-content\/uploads\/2025\/11\/1701279859567.jpg\" class=\"attachment-large size-large wp-image-331\" alt=\"\" srcset=\"https:\/\/colloque-le-mouvement-pour-une-meilleure-sante-mentale.fr\/wp-content\/uploads\/2025\/11\/1701279859567.jpg 800w, https:\/\/colloque-le-mouvement-pour-une-meilleure-sante-mentale.fr\/wp-content\/uploads\/2025\/11\/1701279859567-300x300.jpg 300w, https:\/\/colloque-le-mouvement-pour-une-meilleure-sante-mentale.fr\/wp-content\/uploads\/2025\/11\/1701279859567-150x150.jpg 150w, https:\/\/colloque-le-mouvement-pour-une-meilleure-sante-mentale.fr\/wp-content\/uploads\/2025\/11\/1701279859567-768x768.jpg 768w\" sizes=\"(max-width: 800px) 100vw, 800px\" \/>\t\t\t\t\t\t\t\t\t\t\t\t\t\t\t<\/div>\n\t\t<div class=\"elementor-element elementor-element-f004448 e-con-full e-flex e-con e-child\" data-id=\"f004448\" data-element_type=\"container\">\n\t\t\t\t<div class=\"elementor-element elementor-element-817078e elementor-widget elementor-widget-heading\" data-id=\"817078e\" data-element_type=\"widget\" data-widget_type=\"heading.default\">\n\t\t\t\t\t<span class=\"elementor-heading-title elementor-size-default\">Adil El Ouadehe<\/span>\t\t\t\t<\/div>\n\t\t\t\t<div class=\"elementor-element elementor-element-c22a0f6 elementor-widget elementor-widget-text-editor\" data-id=\"c22a0f6\" data-element_type=\"widget\" data-widget_type=\"text-editor.default\">\n\t\t\t\t\t\t\t\t\t<p><strong>Directeur technique national adjoint<\/strong> &#8211; Ufolep<\/p>\t\t\t\t\t\t\t\t<\/div>\n\t\t\t\t<div class=\"elementor-element elementor-element-b91f3ff elementor-widget elementor-widget-heading\" data-id=\"b91f3ff\" data-element_type=\"widget\" data-widget_type=\"heading.default\">\n\t\t\t\t\t<span class=\"elementor-heading-title elementor-size-default\">\u00ab\u00a0A mon rythme\u00a0\u00bb\u00a0: du protocole f\u00e9d\u00e9ral \u00e0 la prise en charge des publics en situation de vuln\u00e9rabilit\u00e9s\u00a0<\/span>\t\t\t\t<\/div>\n\t\t\t\t<div class=\"elementor-element elementor-element-d22dcb2 elementor-widget elementor-widget-heading\" data-id=\"d22dcb2\" data-element_type=\"widget\" data-widget_type=\"heading.default\">\n\t\t\t\t\t<span class=\"elementor-heading-title elementor-size-default\"><a href=\"https:\/\/onaps.fr\/wp-content\/uploads\/2026\/01\/Adil-El-Ouadehe.pdf\" target=\"_blank\">T\u00e9l\u00e9chargez le r\u00e9sum\u00e9 de son intervention<\/a><\/span>\t\t\t\t<\/div>\n\t\t\t\t<\/div>\n\t\t\t\t<\/div>\n\t\t<div class=\"elementor-element elementor-element-37fd236 e-con-full e-flex e-con e-child\" data-id=\"37fd236\" data-element_type=\"container\">\n\t\t\t\t<div class=\"elementor-element elementor-element-b116257 elementor-widget elementor-widget-image\" data-id=\"b116257\" data-element_type=\"widget\" data-widget_type=\"image.default\">\n\t\t\t\t\t\t\t\t\t\t\t\t\t\t\t<img loading=\"lazy\" decoding=\"async\" width=\"768\" height=\"1024\" src=\"https:\/\/colloque-le-mouvement-pour-une-meilleure-sante-mentale.fr\/wp-content\/uploads\/2025\/10\/PORTRAIT--768x1024.jpg\" class=\"attachment-large size-large wp-image-289\" alt=\"\" srcset=\"https:\/\/colloque-le-mouvement-pour-une-meilleure-sante-mentale.fr\/wp-content\/uploads\/2025\/10\/PORTRAIT--768x1024.jpg 768w, https:\/\/colloque-le-mouvement-pour-une-meilleure-sante-mentale.fr\/wp-content\/uploads\/2025\/10\/PORTRAIT--225x300.jpg 225w, https:\/\/colloque-le-mouvement-pour-une-meilleure-sante-mentale.fr\/wp-content\/uploads\/2025\/10\/PORTRAIT--1152x1536.jpg 1152w, https:\/\/colloque-le-mouvement-pour-une-meilleure-sante-mentale.fr\/wp-content\/uploads\/2025\/10\/PORTRAIT--1536x2048.jpg 1536w, https:\/\/colloque-le-mouvement-pour-une-meilleure-sante-mentale.fr\/wp-content\/uploads\/2025\/10\/PORTRAIT--scaled.jpg 1920w\" sizes=\"(max-width: 768px) 100vw, 768px\" \/>\t\t\t\t\t\t\t\t\t\t\t\t\t\t\t<\/div>\n\t\t<div class=\"elementor-element elementor-element-59cbb5b e-con-full e-flex e-con e-child\" data-id=\"59cbb5b\" data-element_type=\"container\">\n\t\t\t\t<div class=\"elementor-element elementor-element-5281057 elementor-widget elementor-widget-heading\" data-id=\"5281057\" data-element_type=\"widget\" data-widget_type=\"heading.default\">\n\t\t\t\t\t<span class=\"elementor-heading-title elementor-size-default\">Anouk Lepicier<\/span>\t\t\t\t<\/div>\n\t\t\t\t<div class=\"elementor-element elementor-element-1812da2 elementor-widget elementor-widget-text-editor\" data-id=\"1812da2\" data-element_type=\"widget\" data-widget_type=\"text-editor.default\">\n\t\t\t\t\t\t\t\t\t<p><strong>Charg\u00e9e de projets Sport-Sant\u00e9<\/strong> &#8211; Azur Sport Sant\u00e9<\/p>\t\t\t\t\t\t\t\t<\/div>\n\t\t\t\t<div class=\"elementor-element elementor-element-126e28b elementor-widget elementor-widget-heading\" data-id=\"126e28b\" data-element_type=\"widget\" data-widget_type=\"heading.default\">\n\t\t\t\t\t<span class=\"elementor-heading-title elementor-size-default\">L'activit\u00e9 physique en maison d'arr\u00eat : un levier pour la sant\u00e9 mentale<\/span>\t\t\t\t<\/div>\n\t\t\t\t<div class=\"elementor-element elementor-element-f4bace7 elementor-widget elementor-widget-heading\" data-id=\"f4bace7\" data-element_type=\"widget\" data-widget_type=\"heading.default\">\n\t\t\t\t\t<span class=\"elementor-heading-title elementor-size-default\"><a href=\"https:\/\/onaps.fr\/wp-content\/uploads\/2026\/01\/Anouk-Lepicier.pdf\" target=\"_blank\">T\u00e9l\u00e9chargez le r\u00e9sum\u00e9 de son intervention<\/a><\/span>\t\t\t\t<\/div>\n\t\t\t\t<\/div>\n\t\t\t\t<\/div>\n\t\t<div class=\"elementor-element elementor-element-723ff4f e-con-full e-flex e-con e-child\" data-id=\"723ff4f\" data-element_type=\"container\">\n\t\t<div class=\"elementor-element elementor-element-aca4c18 e-con-full e-flex e-con e-child\" data-id=\"aca4c18\" data-element_type=\"container\">\n\t\t\t\t<div class=\"elementor-element elementor-element-2ca59de elementor-widget elementor-widget-image\" data-id=\"2ca59de\" data-element_type=\"widget\" data-widget_type=\"image.default\">\n\t\t\t\t\t\t\t\t\t\t\t\t\t\t\t<img loading=\"lazy\" decoding=\"async\" width=\"768\" height=\"1024\" src=\"https:\/\/colloque-le-mouvement-pour-une-meilleure-sante-mentale.fr\/wp-content\/uploads\/2025\/11\/IMG_1185-768x1024.jpeg\" class=\"attachment-large size-large wp-image-304\" alt=\"\" srcset=\"https:\/\/colloque-le-mouvement-pour-une-meilleure-sante-mentale.fr\/wp-content\/uploads\/2025\/11\/IMG_1185-768x1024.jpeg 768w, https:\/\/colloque-le-mouvement-pour-une-meilleure-sante-mentale.fr\/wp-content\/uploads\/2025\/11\/IMG_1185-225x300.jpeg 225w, https:\/\/colloque-le-mouvement-pour-une-meilleure-sante-mentale.fr\/wp-content\/uploads\/2025\/11\/IMG_1185-1152x1536.jpeg 1152w, https:\/\/colloque-le-mouvement-pour-une-meilleure-sante-mentale.fr\/wp-content\/uploads\/2025\/11\/IMG_1185.jpeg 1512w\" sizes=\"(max-width: 768px) 100vw, 768px\" \/>\t\t\t\t\t\t\t\t\t\t\t\t\t\t\t<\/div>\n\t\t<div class=\"elementor-element elementor-element-e01c54c e-con-full e-flex e-con e-child\" data-id=\"e01c54c\" data-element_type=\"container\">\n\t\t\t\t<div class=\"elementor-element elementor-element-9ed73aa elementor-widget elementor-widget-heading\" data-id=\"9ed73aa\" data-element_type=\"widget\" data-widget_type=\"heading.default\">\n\t\t\t\t\t<span class=\"elementor-heading-title elementor-size-default\">Charlotte Delavaud Tschan<\/span>\t\t\t\t<\/div>\n\t\t\t\t<div class=\"elementor-element elementor-element-39e7e28 elementor-widget elementor-widget-text-editor\" data-id=\"39e7e28\" data-element_type=\"widget\" data-widget_type=\"text-editor.default\">\n\t\t\t\t\t\t\t\t\t<p><strong>Co-fondatrice, infirmi\u00e8re sp\u00e9cialis\u00e9e en psychotraumatologie<\/strong>\u00a0&#8211; Surf up<\/p>\t\t\t\t\t\t\t\t<\/div>\n\t\t\t\t<div class=\"elementor-element elementor-element-e0f0fe8 elementor-widget elementor-widget-heading\" data-id=\"e0f0fe8\" data-element_type=\"widget\" data-widget_type=\"heading.default\">\n\t\t\t\t\t<span class=\"elementor-heading-title elementor-size-default\">La surf th\u00e9rapie sur la vague du r\u00e9tablissement<\/span>\t\t\t\t<\/div>\n\t\t\t\t<div class=\"elementor-element elementor-element-6c0164d elementor-widget elementor-widget-heading\" data-id=\"6c0164d\" data-element_type=\"widget\" data-widget_type=\"heading.default\">\n\t\t\t\t\t<span class=\"elementor-heading-title elementor-size-default\"><a href=\"https:\/\/onaps.fr\/wp-content\/uploads\/2026\/01\/Charlotte-Tschan.pdf\" target=\"_blank\">T\u00e9l\u00e9chargez le r\u00e9sum\u00e9 de son intervention<\/a><\/span>\t\t\t\t<\/div>\n\t\t\t\t<\/div>\n\t\t\t\t<\/div>\n\t\t\t\t<\/div>\n\t\t\t\t<\/div>\n\t\t\t\t<div class=\"elementor-element elementor-element-5516cc3 elementor-widget elementor-widget-spacer\" data-id=\"5516cc3\" data-element_type=\"widget\" data-widget_type=\"spacer.default\">\n\t\t\t\t\t\t\t<div class=\"elementor-spacer\">\n\t\t\t<div class=\"elementor-spacer-inner\"><\/div>\n\t\t<\/div>\n\t\t\t\t\t\t<\/div>\n\t\t\t\t<div class=\"elementor-element elementor-element-0760c20 elementor-widget elementor-widget-heading\" data-id=\"0760c20\" data-element_type=\"widget\" data-widget_type=\"heading.default\">\n\t\t\t\t\t<span class=\"elementor-heading-title elementor-size-default\">Questions \/ R\u00e9ponses<\/span>\t\t\t\t<\/div>\n\t\t\t\t<\/div>\n\t\t\t\t<\/div>\n\t\t<div class=\"elementor-element elementor-element-9ef15f8 e-con-full e-flex e-con e-child\" data-id=\"9ef15f8\" data-element_type=\"container\">\n\t\t\t\t<div class=\"elementor-element elementor-element-9d96abc elementor-widget elementor-widget-image\" data-id=\"9d96abc\" data-element_type=\"widget\" data-widget_type=\"image.default\">\n\t\t\t\t\t\t\t\t\t\t\t\t\t\t\t<img loading=\"lazy\" decoding=\"async\" width=\"2000\" height=\"88\" src=\"https:\/\/colloque-le-mouvement-pour-une-meilleure-sante-mentale.fr\/wp-content\/uploads\/2025\/09\/Sans-titre-200-x-11-mm-1.png\" class=\"attachment-full size-full wp-image-23\" alt=\"\" srcset=\"https:\/\/colloque-le-mouvement-pour-une-meilleure-sante-mentale.fr\/wp-content\/uploads\/2025\/09\/Sans-titre-200-x-11-mm-1.png 2000w, https:\/\/colloque-le-mouvement-pour-une-meilleure-sante-mentale.fr\/wp-content\/uploads\/2025\/09\/Sans-titre-200-x-11-mm-1-300x13.png 300w, https:\/\/colloque-le-mouvement-pour-une-meilleure-sante-mentale.fr\/wp-content\/uploads\/2025\/09\/Sans-titre-200-x-11-mm-1-1024x45.png 1024w, https:\/\/colloque-le-mouvement-pour-une-meilleure-sante-mentale.fr\/wp-content\/uploads\/2025\/09\/Sans-titre-200-x-11-mm-1-768x34.png 768w, https:\/\/colloque-le-mouvement-pour-une-meilleure-sante-mentale.fr\/wp-content\/uploads\/2025\/09\/Sans-titre-200-x-11-mm-1-1536x68.png 1536w\" sizes=\"(max-width: 2000px) 100vw, 2000px\" \/>\t\t\t\t\t\t\t\t\t\t\t\t\t\t\t<\/div>\n\t\t<div class=\"elementor-element elementor-element-3891b27 e-con-full e-flex e-con e-child\" data-id=\"3891b27\" data-element_type=\"container\" data-settings=\"{&quot;background_background&quot;:&quot;classic&quot;}\">\n\t\t\t\t<div class=\"elementor-element elementor-element-e7a0cc8 elementor-widget elementor-widget-heading\" data-id=\"e7a0cc8\" data-element_type=\"widget\" data-widget_type=\"heading.default\">\n\t\t\t\t\t<span class=\"elementor-heading-title elementor-size-default\">Pause d\u00e9jeuner<\/span>\t\t\t\t<\/div>\n\t\t\t\t<\/div>\n\t\t\t\t<div class=\"elementor-element elementor-element-cbd55c2 elementor-widget elementor-widget-image\" data-id=\"cbd55c2\" data-element_type=\"widget\" data-widget_type=\"image.default\">\n\t\t\t\t\t\t\t\t\t\t\t\t\t\t\t<img loading=\"lazy\" decoding=\"async\" width=\"2000\" height=\"88\" src=\"https:\/\/colloque-le-mouvement-pour-une-meilleure-sante-mentale.fr\/wp-content\/uploads\/2025\/09\/Design-sans-titre-1.png\" class=\"attachment-full size-full wp-image-17\" alt=\"\" srcset=\"https:\/\/colloque-le-mouvement-pour-une-meilleure-sante-mentale.fr\/wp-content\/uploads\/2025\/09\/Design-sans-titre-1.png 2000w, https:\/\/colloque-le-mouvement-pour-une-meilleure-sante-mentale.fr\/wp-content\/uploads\/2025\/09\/Design-sans-titre-1-300x13.png 300w, https:\/\/colloque-le-mouvement-pour-une-meilleure-sante-mentale.fr\/wp-content\/uploads\/2025\/09\/Design-sans-titre-1-1024x45.png 1024w, https:\/\/colloque-le-mouvement-pour-une-meilleure-sante-mentale.fr\/wp-content\/uploads\/2025\/09\/Design-sans-titre-1-768x34.png 768w, https:\/\/colloque-le-mouvement-pour-une-meilleure-sante-mentale.fr\/wp-content\/uploads\/2025\/09\/Design-sans-titre-1-1536x68.png 1536w\" sizes=\"(max-width: 2000px) 100vw, 2000px\" \/>\t\t\t\t\t\t\t\t\t\t\t\t\t\t\t<\/div>\n\t\t\t\t<\/div>\n\t\t<div class=\"elementor-element elementor-element-8226a80 e-con-full e-flex e-con e-child\" data-id=\"8226a80\" data-element_type=\"container\">\n\t\t<div class=\"elementor-element elementor-element-f5dbea7 e-con-full e-flex e-con e-child\" data-id=\"f5dbea7\" data-element_type=\"container\">\n\t\t\t\t<div class=\"elementor-element elementor-element-bc2eb99 elementor-widget elementor-widget-heading\" data-id=\"bc2eb99\" data-element_type=\"widget\" data-widget_type=\"heading.default\">\n\t\t\t\t\t<span class=\"elementor-heading-title elementor-size-default\">14h - 15h10<\/span>\t\t\t\t<\/div>\n\t\t\t\t<div class=\"elementor-element elementor-element-247206d elementor-widget elementor-widget-heading\" data-id=\"247206d\" data-element_type=\"widget\" data-widget_type=\"heading.default\">\n\t\t\t\t\t<span class=\"elementor-heading-title elementor-size-default\">Int\u00e9grer l'activit\u00e9 physique dans la prise en charge des personnes atteintes de troubles et maladies mentales<\/span>\t\t\t\t<\/div>\n\t\t\t\t<\/div>\n\t\t<div class=\"elementor-element elementor-element-d947588 e-con-full e-flex e-con e-child\" data-id=\"d947588\" data-element_type=\"container\">\n\t\t<div class=\"elementor-element elementor-element-b0eb2c9 e-con-full e-flex e-con e-child\" data-id=\"b0eb2c9\" data-element_type=\"container\">\n\t\t\t\t<div class=\"elementor-element elementor-element-603e7a1 elementor-widget elementor-widget-image\" data-id=\"603e7a1\" data-element_type=\"widget\" data-widget_type=\"image.default\">\n\t\t\t\t\t\t\t\t\t\t\t\t\t\t\t<img loading=\"lazy\" decoding=\"async\" width=\"768\" height=\"1024\" src=\"https:\/\/colloque-le-mouvement-pour-une-meilleure-sante-mentale.fr\/wp-content\/uploads\/2025\/09\/Laurence-Kern-768x1024.jpg\" class=\"attachment-large size-large wp-image-230\" alt=\"\" srcset=\"https:\/\/colloque-le-mouvement-pour-une-meilleure-sante-mentale.fr\/wp-content\/uploads\/2025\/09\/Laurence-Kern-768x1024.jpg 768w, https:\/\/colloque-le-mouvement-pour-une-meilleure-sante-mentale.fr\/wp-content\/uploads\/2025\/09\/Laurence-Kern-225x300.jpg 225w, https:\/\/colloque-le-mouvement-pour-une-meilleure-sante-mentale.fr\/wp-content\/uploads\/2025\/09\/Laurence-Kern-1152x1536.jpg 1152w, https:\/\/colloque-le-mouvement-pour-une-meilleure-sante-mentale.fr\/wp-content\/uploads\/2025\/09\/Laurence-Kern.jpg 1200w\" sizes=\"(max-width: 768px) 100vw, 768px\" \/>\t\t\t\t\t\t\t\t\t\t\t\t\t\t\t<\/div>\n\t\t<div class=\"elementor-element elementor-element-028a39a e-con-full e-flex e-con e-child\" data-id=\"028a39a\" data-element_type=\"container\">\n\t\t\t\t<div class=\"elementor-element elementor-element-f94eb33 elementor-widget elementor-widget-heading\" data-id=\"f94eb33\" data-element_type=\"widget\" data-widget_type=\"heading.default\">\n\t\t\t\t\t<span class=\"elementor-heading-title elementor-size-default\">Laurence Kern<\/span>\t\t\t\t<\/div>\n\t\t\t\t<div class=\"elementor-element elementor-element-c15bf47 elementor-widget elementor-widget-text-editor\" data-id=\"c15bf47\" data-element_type=\"widget\" data-widget_type=\"text-editor.default\">\n\t\t\t\t\t\t\t\t\t<p><strong>Professeure des Universit\u00e9s en STAPS, Psychologue clinicienne de la sant\u00e9<\/strong> &#8211; Universit\u00e9 Paris Nanterre<\/p>\t\t\t\t\t\t\t\t<\/div>\n\t\t\t\t<div class=\"elementor-element elementor-element-5844612 elementor-widget elementor-widget-heading\" data-id=\"5844612\" data-element_type=\"widget\" data-widget_type=\"heading.default\">\n\t\t\t\t\t<span class=\"elementor-heading-title elementor-size-default\">Bouger pour aller mieux : b\u00e9n\u00e9fices de l\u2019activit\u00e9 physique dans les troubles psychiques<\/span>\t\t\t\t<\/div>\n\t\t\t\t<div class=\"elementor-element elementor-element-21c0813 elementor-widget elementor-widget-heading\" data-id=\"21c0813\" data-element_type=\"widget\" data-widget_type=\"heading.default\">\n\t\t\t\t\t<span class=\"elementor-heading-title elementor-size-default\"><a href=\"https:\/\/colloque-le-mouvement-pour-une-meilleure-sante-mentale.fr\/wp-content\/uploads\/2025\/11\/Presentation-Laurence-Kern-expert.pdf\" target=\"_blank\">T\u00e9l\u00e9chargez son intervention<\/a><\/span>\t\t\t\t<\/div>\n\t\t\t\t<\/div>\n\t\t\t\t<\/div>\n\t\t\t\t<div class=\"elementor-element elementor-element-9234d8b elementor-widget elementor-widget-image\" data-id=\"9234d8b\" data-element_type=\"widget\" data-widget_type=\"image.default\">\n\t\t\t\t\t\t\t\t\t\t\t\t\t\t\t<img loading=\"lazy\" decoding=\"async\" width=\"1024\" height=\"102\" src=\"https:\/\/colloque-le-mouvement-pour-une-meilleure-sante-mentale.fr\/wp-content\/uploads\/2025\/09\/Design-sans-titre-2-1024x102.png\" class=\"attachment-large size-large wp-image-25\" alt=\"\" srcset=\"https:\/\/colloque-le-mouvement-pour-une-meilleure-sante-mentale.fr\/wp-content\/uploads\/2025\/09\/Design-sans-titre-2-1024x102.png 1024w, https:\/\/colloque-le-mouvement-pour-une-meilleure-sante-mentale.fr\/wp-content\/uploads\/2025\/09\/Design-sans-titre-2-300x30.png 300w, https:\/\/colloque-le-mouvement-pour-une-meilleure-sante-mentale.fr\/wp-content\/uploads\/2025\/09\/Design-sans-titre-2-768x77.png 768w, https:\/\/colloque-le-mouvement-pour-une-meilleure-sante-mentale.fr\/wp-content\/uploads\/2025\/09\/Design-sans-titre-2-1536x154.png 1536w, https:\/\/colloque-le-mouvement-pour-une-meilleure-sante-mentale.fr\/wp-content\/uploads\/2025\/09\/Design-sans-titre-2.png 2000w\" sizes=\"(max-width: 1024px) 100vw, 1024px\" \/>\t\t\t\t\t\t\t\t\t\t\t\t\t\t\t<\/div>\n\t\t<div class=\"elementor-element elementor-element-fec7786 e-grid e-con-full e-con e-child\" data-id=\"fec7786\" data-element_type=\"container\">\n\t\t<div class=\"elementor-element elementor-element-52dcb07 e-con-full e-flex e-con e-child\" data-id=\"52dcb07\" data-element_type=\"container\">\n\t\t\t\t<div class=\"elementor-element elementor-element-20a0c91 elementor-widget elementor-widget-image\" data-id=\"20a0c91\" data-element_type=\"widget\" data-widget_type=\"image.default\">\n\t\t\t\t\t\t\t\t\t\t\t\t\t\t\t<img loading=\"lazy\" decoding=\"async\" width=\"768\" height=\"1024\" src=\"https:\/\/colloque-le-mouvement-pour-une-meilleure-sante-mentale.fr\/wp-content\/uploads\/2025\/09\/Arnaud-LEROY-768x1024.jpg\" class=\"attachment-large size-large wp-image-47\" alt=\"\" srcset=\"https:\/\/colloque-le-mouvement-pour-une-meilleure-sante-mentale.fr\/wp-content\/uploads\/2025\/09\/Arnaud-LEROY-768x1024.jpg 768w, https:\/\/colloque-le-mouvement-pour-une-meilleure-sante-mentale.fr\/wp-content\/uploads\/2025\/09\/Arnaud-LEROY-225x300.jpg 225w, https:\/\/colloque-le-mouvement-pour-une-meilleure-sante-mentale.fr\/wp-content\/uploads\/2025\/09\/Arnaud-LEROY-1152x1536.jpg 1152w, https:\/\/colloque-le-mouvement-pour-une-meilleure-sante-mentale.fr\/wp-content\/uploads\/2025\/09\/Arnaud-LEROY.jpg 1440w\" sizes=\"(max-width: 768px) 100vw, 768px\" \/>\t\t\t\t\t\t\t\t\t\t\t\t\t\t\t<\/div>\n\t\t<div class=\"elementor-element elementor-element-560abc4 e-con-full e-flex e-con e-child\" data-id=\"560abc4\" data-element_type=\"container\">\n\t\t\t\t<div class=\"elementor-element elementor-element-1a1cb6d elementor-widget elementor-widget-heading\" data-id=\"1a1cb6d\" data-element_type=\"widget\" data-widget_type=\"heading.default\">\n\t\t\t\t\t<span class=\"elementor-heading-title elementor-size-default\">Arnaud Leroy<\/span>\t\t\t\t<\/div>\n\t\t\t\t<div class=\"elementor-element elementor-element-846a199 elementor-widget elementor-widget-text-editor\" data-id=\"846a199\" data-element_type=\"widget\" data-widget_type=\"text-editor.default\">\n\t\t\t\t\t\t\t\t\t<p><strong>Responsable de l&rsquo;h\u00f4pital de jour, MCU-PH<\/strong> &#8211; <span data-olk-copy-source=\"MessageBody\">Centre R\u00e9gional du Psychotraumatisme Hauts-de-France<\/span><\/p>\t\t\t\t\t\t\t\t<\/div>\n\t\t\t\t<div class=\"elementor-element elementor-element-b33d7a5 elementor-widget elementor-widget-heading\" data-id=\"b33d7a5\" data-element_type=\"widget\" data-widget_type=\"heading.default\">\n\t\t\t\t\t<span class=\"elementor-heading-title elementor-size-default\">Int\u00e9grer l'activit\u00e9 physique adapt\u00e9e dans les parcours de soins : l'exemple du psychotraumatisme<\/span>\t\t\t\t<\/div>\n\t\t\t\t<div class=\"elementor-element elementor-element-25a6c01 elementor-widget elementor-widget-heading\" data-id=\"25a6c01\" data-element_type=\"widget\" data-widget_type=\"heading.default\">\n\t\t\t\t\t<span class=\"elementor-heading-title elementor-size-default\"><a href=\"https:\/\/onaps.fr\/wp-content\/uploads\/2026\/01\/Arnaud-Leroy.pdf\" target=\"_blank\">T\u00e9l\u00e9chargez le r\u00e9sum\u00e9 de son intervention<\/a><\/span>\t\t\t\t<\/div>\n\t\t\t\t<\/div>\n\t\t\t\t<\/div>\n\t\t<div class=\"elementor-element elementor-element-95346b4 e-con-full e-flex e-con e-child\" data-id=\"95346b4\" data-element_type=\"container\">\n\t\t\t\t<div class=\"elementor-element elementor-element-fe7009b elementor-widget elementor-widget-image\" data-id=\"fe7009b\" data-element_type=\"widget\" data-widget_type=\"image.default\">\n\t\t\t\t\t\t\t\t\t\t\t\t\t\t\t<img loading=\"lazy\" decoding=\"async\" width=\"747\" height=\"1024\" src=\"https:\/\/colloque-le-mouvement-pour-une-meilleure-sante-mentale.fr\/wp-content\/uploads\/2025\/11\/Laurent-Cruanes-747x1024.png\" class=\"attachment-large size-large wp-image-311\" alt=\"\" srcset=\"https:\/\/colloque-le-mouvement-pour-une-meilleure-sante-mentale.fr\/wp-content\/uploads\/2025\/11\/Laurent-Cruanes-747x1024.png 747w, https:\/\/colloque-le-mouvement-pour-une-meilleure-sante-mentale.fr\/wp-content\/uploads\/2025\/11\/Laurent-Cruanes-219x300.png 219w, https:\/\/colloque-le-mouvement-pour-une-meilleure-sante-mentale.fr\/wp-content\/uploads\/2025\/11\/Laurent-Cruanes-768x1052.png 768w, https:\/\/colloque-le-mouvement-pour-une-meilleure-sante-mentale.fr\/wp-content\/uploads\/2025\/11\/Laurent-Cruanes.png 864w\" sizes=\"(max-width: 747px) 100vw, 747px\" \/>\t\t\t\t\t\t\t\t\t\t\t\t\t\t\t<\/div>\n\t\t<div class=\"elementor-element elementor-element-37a0d4b e-con-full e-flex e-con e-child\" data-id=\"37a0d4b\" data-element_type=\"container\">\n\t\t\t\t<div class=\"elementor-element elementor-element-ca63500 elementor-widget elementor-widget-heading\" data-id=\"ca63500\" data-element_type=\"widget\" data-widget_type=\"heading.default\">\n\t\t\t\t\t<span class=\"elementor-heading-title elementor-size-default\">Laurent Cruanes<\/span>\t\t\t\t<\/div>\n\t\t\t\t<div class=\"elementor-element elementor-element-6fe7a12 elementor-widget elementor-widget-text-editor\" data-id=\"6fe7a12\" data-element_type=\"widget\" data-widget_type=\"text-editor.default\">\n\t\t\t\t\t\t\t\t\t<p><strong>M\u00e9decin g\u00e9n\u00e9raliste\/du sport, Pr\u00e9sident<\/strong> \u2013 MSS Ekilib.re La R\u00e9union<\/p>\t\t\t\t\t\t\t\t<\/div>\n\t\t\t\t<div class=\"elementor-element elementor-element-4b585bd elementor-widget elementor-widget-heading\" data-id=\"4b585bd\" data-element_type=\"widget\" data-widget_type=\"heading.default\">\n\t\t\t\t\t<span class=\"elementor-heading-title elementor-size-default\">\"Sport Sant\u00e9 \u00c9vasion\": un programme d\u00e9di\u00e9 en renfort du parcours de soin en Sant\u00e9 Mentale<\/span>\t\t\t\t<\/div>\n\t\t\t\t<\/div>\n\t\t\t\t<\/div>\n\t\t<div class=\"elementor-element elementor-element-ee322d9 e-con-full e-flex e-con e-child\" data-id=\"ee322d9\" data-element_type=\"container\">\n\t\t\t\t<div class=\"elementor-element elementor-element-5bccadf elementor-widget elementor-widget-image\" data-id=\"5bccadf\" data-element_type=\"widget\" data-widget_type=\"image.default\">\n\t\t\t\t\t\t\t\t\t\t\t\t\t\t\t<img loading=\"lazy\" decoding=\"async\" width=\"654\" height=\"930\" src=\"https:\/\/colloque-le-mouvement-pour-une-meilleure-sante-mentale.fr\/wp-content\/uploads\/2025\/09\/Laurence-Reckford.jpg\" class=\"attachment-large size-large wp-image-117\" alt=\"\" srcset=\"https:\/\/colloque-le-mouvement-pour-une-meilleure-sante-mentale.fr\/wp-content\/uploads\/2025\/09\/Laurence-Reckford.jpg 654w, https:\/\/colloque-le-mouvement-pour-une-meilleure-sante-mentale.fr\/wp-content\/uploads\/2025\/09\/Laurence-Reckford-211x300.jpg 211w\" sizes=\"(max-width: 654px) 100vw, 654px\" \/>\t\t\t\t\t\t\t\t\t\t\t\t\t\t\t<\/div>\n\t\t<div class=\"elementor-element elementor-element-1e8ca35 e-con-full e-flex e-con e-child\" data-id=\"1e8ca35\" data-element_type=\"container\">\n\t\t\t\t<div class=\"elementor-element elementor-element-83970b8 elementor-widget elementor-widget-heading\" data-id=\"83970b8\" data-element_type=\"widget\" data-widget_type=\"heading.default\">\n\t\t\t\t\t<span class=\"elementor-heading-title elementor-size-default\">Laurence Reckford<\/span>\t\t\t\t<\/div>\n\t\t\t\t<div class=\"elementor-element elementor-element-fe28c4c elementor-widget elementor-widget-text-editor\" data-id=\"fe28c4c\" data-element_type=\"widget\" data-widget_type=\"text-editor.default\">\n\t\t\t\t\t\t\t\t\t<p><strong>Pr\u00e9sidente<\/strong> &#8211; Association Colina<\/p>\t\t\t\t\t\t\t\t<\/div>\n\t\t\t\t<div class=\"elementor-element elementor-element-0b9d46e elementor-widget elementor-widget-heading\" data-id=\"0b9d46e\" data-element_type=\"widget\" data-widget_type=\"heading.default\">\n\t\t\t\t\t<span class=\"elementor-heading-title elementor-size-default\">Marches itin\u00e9rantes pour jeunes adultes en r\u00e9tablissement de troubles psychiques et leurs proches<\/span>\t\t\t\t<\/div>\n\t\t\t\t<div class=\"elementor-element elementor-element-6f092c9 elementor-widget elementor-widget-heading\" data-id=\"6f092c9\" data-element_type=\"widget\" data-widget_type=\"heading.default\">\n\t\t\t\t\t<span class=\"elementor-heading-title elementor-size-default\"><a href=\"https:\/\/onaps.fr\/wp-content\/uploads\/2026\/01\/Laurence-Reckford.pdf\" target=\"_blank\">T\u00e9l\u00e9chargez le r\u00e9sum\u00e9 de son intervention<\/a><\/span>\t\t\t\t<\/div>\n\t\t\t\t<\/div>\n\t\t\t\t<\/div>\n\t\t<div class=\"elementor-element elementor-element-5e8f395 e-con-full e-flex e-con e-child\" data-id=\"5e8f395\" data-element_type=\"container\">\n\t\t\t\t<div class=\"elementor-element elementor-element-b4c6cdc elementor-widget elementor-widget-image\" data-id=\"b4c6cdc\" data-element_type=\"widget\" data-widget_type=\"image.default\">\n\t\t\t\t\t\t\t\t\t\t\t\t\t\t\t<img loading=\"lazy\" decoding=\"async\" width=\"865\" height=\"1024\" src=\"https:\/\/colloque-le-mouvement-pour-une-meilleure-sante-mentale.fr\/wp-content\/uploads\/2025\/09\/Alexis-LAVAINE-865x1024.jpg\" class=\"attachment-large size-large wp-image-116\" alt=\"\" srcset=\"https:\/\/colloque-le-mouvement-pour-une-meilleure-sante-mentale.fr\/wp-content\/uploads\/2025\/09\/Alexis-LAVAINE-865x1024.jpg 865w, https:\/\/colloque-le-mouvement-pour-une-meilleure-sante-mentale.fr\/wp-content\/uploads\/2025\/09\/Alexis-LAVAINE-254x300.jpg 254w, https:\/\/colloque-le-mouvement-pour-une-meilleure-sante-mentale.fr\/wp-content\/uploads\/2025\/09\/Alexis-LAVAINE-768x909.jpg 768w, https:\/\/colloque-le-mouvement-pour-une-meilleure-sante-mentale.fr\/wp-content\/uploads\/2025\/09\/Alexis-LAVAINE-1298x1536.jpg 1298w, https:\/\/colloque-le-mouvement-pour-une-meilleure-sante-mentale.fr\/wp-content\/uploads\/2025\/09\/Alexis-LAVAINE.jpg 1407w\" sizes=\"(max-width: 865px) 100vw, 865px\" \/>\t\t\t\t\t\t\t\t\t\t\t\t\t\t\t<\/div>\n\t\t<div class=\"elementor-element elementor-element-dc72a66 e-con-full e-flex e-con e-child\" data-id=\"dc72a66\" data-element_type=\"container\">\n\t\t\t\t<div class=\"elementor-element elementor-element-392644a elementor-widget elementor-widget-heading\" data-id=\"392644a\" data-element_type=\"widget\" data-widget_type=\"heading.default\">\n\t\t\t\t\t<span class=\"elementor-heading-title elementor-size-default\">Alexis Lavaine<\/span>\t\t\t\t<\/div>\n\t\t\t\t<div class=\"elementor-element elementor-element-b87d7eb elementor-widget elementor-widget-text-editor\" data-id=\"b87d7eb\" data-element_type=\"widget\" data-widget_type=\"text-editor.default\">\n\t\t\t\t\t\t\t\t\t<p><strong>Psychomotricien, coordinateur<\/strong> &#8211; MSS \u00ab\u00a0Partage et Pratique Sportive\u00a0\u00bb, groupe hospitalier Paul Guiraud<\/p>\t\t\t\t\t\t\t\t<\/div>\n\t\t\t\t<div class=\"elementor-element elementor-element-a54f864 elementor-widget elementor-widget-heading\" data-id=\"a54f864\" data-element_type=\"widget\" data-widget_type=\"heading.default\">\n\t\t\t\t\t<span class=\"elementor-heading-title elementor-size-default\">Prise en charge des personnes pr\u00e9sentant une affection psychiatrique et pr\u00e9sentation du Guide \u00ab\u202fSant\u00e9 mentale et activit\u00e9 physique\u202f\u00bb <\/span>\t\t\t\t<\/div>\n\t\t\t\t<div class=\"elementor-element elementor-element-fd93329 elementor-widget elementor-widget-heading\" data-id=\"fd93329\" data-element_type=\"widget\" data-widget_type=\"heading.default\">\n\t\t\t\t\t<span class=\"elementor-heading-title elementor-size-default\"><a href=\"https:\/\/onaps.fr\/wp-content\/uploads\/2026\/01\/Alexis-Lavaine.pdf\" target=\"_blank\">T\u00e9l\u00e9chargez le r\u00e9sum\u00e9 de son intervention<\/a><\/span>\t\t\t\t<\/div>\n\t\t\t\t<\/div>\n\t\t\t\t<\/div>\n\t\t\t\t<\/div>\n\t\t\t\t<div class=\"elementor-element elementor-element-2d3a3e1 elementor-widget elementor-widget-spacer\" data-id=\"2d3a3e1\" data-element_type=\"widget\" data-widget_type=\"spacer.default\">\n\t\t\t\t\t\t\t<div class=\"elementor-spacer\">\n\t\t\t<div class=\"elementor-spacer-inner\"><\/div>\n\t\t<\/div>\n\t\t\t\t\t\t<\/div>\n\t\t\t\t<div class=\"elementor-element elementor-element-7732b27 elementor-widget elementor-widget-heading\" data-id=\"7732b27\" data-element_type=\"widget\" data-widget_type=\"heading.default\">\n\t\t\t\t\t<span class=\"elementor-heading-title elementor-size-default\">Questions \/ R\u00e9ponses<\/span>\t\t\t\t<\/div>\n\t\t\t\t<\/div>\n\t\t\t\t<\/div>\n\t\t<div class=\"elementor-element elementor-element-42d24b1 e-con-full e-flex e-con e-child\" data-id=\"42d24b1\" data-element_type=\"container\">\n\t\t\t\t<div class=\"elementor-element elementor-element-c9e63c6 elementor-widget elementor-widget-image\" data-id=\"c9e63c6\" data-element_type=\"widget\" data-widget_type=\"image.default\">\n\t\t\t\t\t\t\t\t\t\t\t\t\t\t\t<img loading=\"lazy\" decoding=\"async\" width=\"2000\" height=\"88\" src=\"https:\/\/colloque-le-mouvement-pour-une-meilleure-sante-mentale.fr\/wp-content\/uploads\/2025\/09\/Sans-titre-200-x-11-mm-1.png\" class=\"attachment-full size-full wp-image-23\" alt=\"\" srcset=\"https:\/\/colloque-le-mouvement-pour-une-meilleure-sante-mentale.fr\/wp-content\/uploads\/2025\/09\/Sans-titre-200-x-11-mm-1.png 2000w, https:\/\/colloque-le-mouvement-pour-une-meilleure-sante-mentale.fr\/wp-content\/uploads\/2025\/09\/Sans-titre-200-x-11-mm-1-300x13.png 300w, https:\/\/colloque-le-mouvement-pour-une-meilleure-sante-mentale.fr\/wp-content\/uploads\/2025\/09\/Sans-titre-200-x-11-mm-1-1024x45.png 1024w, https:\/\/colloque-le-mouvement-pour-une-meilleure-sante-mentale.fr\/wp-content\/uploads\/2025\/09\/Sans-titre-200-x-11-mm-1-768x34.png 768w, https:\/\/colloque-le-mouvement-pour-une-meilleure-sante-mentale.fr\/wp-content\/uploads\/2025\/09\/Sans-titre-200-x-11-mm-1-1536x68.png 1536w\" sizes=\"(max-width: 2000px) 100vw, 2000px\" \/>\t\t\t\t\t\t\t\t\t\t\t\t\t\t\t<\/div>\n\t\t<div class=\"elementor-element elementor-element-f00354f e-con-full e-flex e-con e-child\" data-id=\"f00354f\" data-element_type=\"container\" data-settings=\"{&quot;background_background&quot;:&quot;classic&quot;}\">\n\t\t\t\t<div class=\"elementor-element elementor-element-0d155c6 elementor-widget elementor-widget-heading\" data-id=\"0d155c6\" data-element_type=\"widget\" data-widget_type=\"heading.default\">\n\t\t\t\t\t<span class=\"elementor-heading-title elementor-size-default\">Pause active<\/span>\t\t\t\t<\/div>\n\t\t\t\t<\/div>\n\t\t\t\t<div class=\"elementor-element elementor-element-c568567 elementor-widget elementor-widget-image\" data-id=\"c568567\" data-element_type=\"widget\" data-widget_type=\"image.default\">\n\t\t\t\t\t\t\t\t\t\t\t\t\t\t\t<img loading=\"lazy\" decoding=\"async\" width=\"2000\" height=\"88\" src=\"https:\/\/colloque-le-mouvement-pour-une-meilleure-sante-mentale.fr\/wp-content\/uploads\/2025\/09\/Design-sans-titre-1.png\" class=\"attachment-full size-full wp-image-17\" alt=\"\" srcset=\"https:\/\/colloque-le-mouvement-pour-une-meilleure-sante-mentale.fr\/wp-content\/uploads\/2025\/09\/Design-sans-titre-1.png 2000w, https:\/\/colloque-le-mouvement-pour-une-meilleure-sante-mentale.fr\/wp-content\/uploads\/2025\/09\/Design-sans-titre-1-300x13.png 300w, https:\/\/colloque-le-mouvement-pour-une-meilleure-sante-mentale.fr\/wp-content\/uploads\/2025\/09\/Design-sans-titre-1-1024x45.png 1024w, https:\/\/colloque-le-mouvement-pour-une-meilleure-sante-mentale.fr\/wp-content\/uploads\/2025\/09\/Design-sans-titre-1-768x34.png 768w, https:\/\/colloque-le-mouvement-pour-une-meilleure-sante-mentale.fr\/wp-content\/uploads\/2025\/09\/Design-sans-titre-1-1536x68.png 1536w\" sizes=\"(max-width: 2000px) 100vw, 2000px\" \/>\t\t\t\t\t\t\t\t\t\t\t\t\t\t\t<\/div>\n\t\t\t\t<\/div>\n\t\t<div class=\"elementor-element elementor-element-a9fb087 e-con-full e-flex e-con e-child\" data-id=\"a9fb087\" data-element_type=\"container\">\n\t\t<div class=\"elementor-element elementor-element-cb730e6 e-con-full e-flex e-con e-child\" data-id=\"cb730e6\" data-element_type=\"container\">\n\t\t\t\t<div class=\"elementor-element elementor-element-5df9e27 elementor-widget elementor-widget-heading\" data-id=\"5df9e27\" data-element_type=\"widget\" data-widget_type=\"heading.default\">\n\t\t\t\t\t<span class=\"elementor-heading-title elementor-size-default\">15h15 - 16h25<\/span>\t\t\t\t<\/div>\n\t\t\t\t<div class=\"elementor-element elementor-element-59d68f9 elementor-widget elementor-widget-heading\" data-id=\"59d68f9\" data-element_type=\"widget\" data-widget_type=\"heading.default\">\n\t\t\t\t\t<span class=\"elementor-heading-title elementor-size-default\">Int\u00e9grer l'activit\u00e9 physique dans la prise en charge des personnes atteintes de maladies ou de handicaps (non mentaux)<\/span>\t\t\t\t<\/div>\n\t\t\t\t<\/div>\n\t\t<div class=\"elementor-element elementor-element-dcf93bb e-con-full e-flex e-con e-child\" data-id=\"dcf93bb\" data-element_type=\"container\">\n\t\t<div class=\"elementor-element elementor-element-c3344e8 e-con-full e-flex e-con e-child\" data-id=\"c3344e8\" data-element_type=\"container\">\n\t\t\t\t<div class=\"elementor-element elementor-element-d665e59 elementor-widget elementor-widget-image\" data-id=\"d665e59\" data-element_type=\"widget\" data-widget_type=\"image.default\">\n\t\t\t\t\t\t\t\t\t\t\t\t\t\t\t<img loading=\"lazy\" decoding=\"async\" width=\"500\" height=\"500\" src=\"https:\/\/colloque-le-mouvement-pour-une-meilleure-sante-mentale.fr\/wp-content\/uploads\/2025\/09\/1572373244133.jpg\" class=\"attachment-large size-large wp-image-51\" alt=\"\" srcset=\"https:\/\/colloque-le-mouvement-pour-une-meilleure-sante-mentale.fr\/wp-content\/uploads\/2025\/09\/1572373244133.jpg 500w, https:\/\/colloque-le-mouvement-pour-une-meilleure-sante-mentale.fr\/wp-content\/uploads\/2025\/09\/1572373244133-300x300.jpg 300w, https:\/\/colloque-le-mouvement-pour-une-meilleure-sante-mentale.fr\/wp-content\/uploads\/2025\/09\/1572373244133-150x150.jpg 150w\" sizes=\"(max-width: 500px) 100vw, 500px\" \/>\t\t\t\t\t\t\t\t\t\t\t\t\t\t\t<\/div>\n\t\t<div class=\"elementor-element elementor-element-75239ac e-con-full e-flex e-con e-child\" data-id=\"75239ac\" data-element_type=\"container\">\n\t\t\t\t<div class=\"elementor-element elementor-element-d9de82f elementor-widget elementor-widget-heading\" data-id=\"d9de82f\" data-element_type=\"widget\" data-widget_type=\"heading.default\">\n\t\t\t\t\t<span class=\"elementor-heading-title elementor-size-default\">Isabelle Dor\u00e9<\/span>\t\t\t\t<\/div>\n\t\t\t\t<div class=\"elementor-element elementor-element-b092963 elementor-widget elementor-widget-text-editor\" data-id=\"b092963\" data-element_type=\"widget\" data-widget_type=\"text-editor.default\">\n\t\t\t\t\t\t\t\t\t<p><strong>Professeure agr\u00e9g\u00e9e<\/strong> &#8211; Ecole de kin\u00e9siologie et des sciences de l&rsquo;activit\u00e9 physique, Universit\u00e9 de Montr\u00e9al \/ CRCHUM<\/p>\t\t\t\t\t\t\t\t<\/div>\n\t\t\t\t<div class=\"elementor-element elementor-element-fce1d72 elementor-widget elementor-widget-heading\" data-id=\"fce1d72\" data-element_type=\"widget\" data-widget_type=\"heading.default\">\n\t\t\t\t\t<span class=\"elementor-heading-title elementor-size-default\">Miser sur l\u2019activit\u00e9 physique pour promouvoir la sant\u00e9 physique, mentale et sociale des personnes ayant re\u00e7u un diagnostic de cancer<\/span>\t\t\t\t<\/div>\n\t\t\t\t<div class=\"elementor-element elementor-element-132ef7d elementor-widget elementor-widget-heading\" data-id=\"132ef7d\" data-element_type=\"widget\" data-widget_type=\"heading.default\">\n\t\t\t\t\t<span class=\"elementor-heading-title elementor-size-default\"><a href=\"https:\/\/colloque-le-mouvement-pour-une-meilleure-sante-mentale.fr\/wp-content\/uploads\/2025\/11\/Isabelle-Dore-expert-1.pdf\" target=\"_blank\">T\u00e9l\u00e9chargez son intervention<\/a><\/span>\t\t\t\t<\/div>\n\t\t\t\t<\/div>\n\t\t\t\t<\/div>\n\t\t\t\t<div class=\"elementor-element elementor-element-8118f79 elementor-widget elementor-widget-image\" data-id=\"8118f79\" data-element_type=\"widget\" data-widget_type=\"image.default\">\n\t\t\t\t\t\t\t\t\t\t\t\t\t\t\t<img loading=\"lazy\" decoding=\"async\" width=\"1024\" height=\"102\" src=\"https:\/\/colloque-le-mouvement-pour-une-meilleure-sante-mentale.fr\/wp-content\/uploads\/2025\/09\/Design-sans-titre-2-1024x102.png\" class=\"attachment-large size-large wp-image-25\" alt=\"\" srcset=\"https:\/\/colloque-le-mouvement-pour-une-meilleure-sante-mentale.fr\/wp-content\/uploads\/2025\/09\/Design-sans-titre-2-1024x102.png 1024w, https:\/\/colloque-le-mouvement-pour-une-meilleure-sante-mentale.fr\/wp-content\/uploads\/2025\/09\/Design-sans-titre-2-300x30.png 300w, https:\/\/colloque-le-mouvement-pour-une-meilleure-sante-mentale.fr\/wp-content\/uploads\/2025\/09\/Design-sans-titre-2-768x77.png 768w, https:\/\/colloque-le-mouvement-pour-une-meilleure-sante-mentale.fr\/wp-content\/uploads\/2025\/09\/Design-sans-titre-2-1536x154.png 1536w, https:\/\/colloque-le-mouvement-pour-une-meilleure-sante-mentale.fr\/wp-content\/uploads\/2025\/09\/Design-sans-titre-2.png 2000w\" sizes=\"(max-width: 1024px) 100vw, 1024px\" \/>\t\t\t\t\t\t\t\t\t\t\t\t\t\t\t<\/div>\n\t\t<div class=\"elementor-element elementor-element-6be2bc2 e-grid e-con-full e-con e-child\" data-id=\"6be2bc2\" data-element_type=\"container\">\n\t\t<div class=\"elementor-element elementor-element-071befd e-con-full e-flex e-con e-child\" data-id=\"071befd\" data-element_type=\"container\">\n\t\t\t\t<div class=\"elementor-element elementor-element-a1c5499 elementor-widget elementor-widget-image\" data-id=\"a1c5499\" data-element_type=\"widget\" data-widget_type=\"image.default\">\n\t\t\t\t\t\t\t\t\t\t\t\t\t\t\t<img loading=\"lazy\" decoding=\"async\" width=\"576\" height=\"768\" src=\"https:\/\/colloque-le-mouvement-pour-une-meilleure-sante-mentale.fr\/wp-content\/uploads\/2025\/09\/Nathalie-Astruc.jpeg\" class=\"attachment-large size-large wp-image-121\" alt=\"\" srcset=\"https:\/\/colloque-le-mouvement-pour-une-meilleure-sante-mentale.fr\/wp-content\/uploads\/2025\/09\/Nathalie-Astruc.jpeg 576w, https:\/\/colloque-le-mouvement-pour-une-meilleure-sante-mentale.fr\/wp-content\/uploads\/2025\/09\/Nathalie-Astruc-225x300.jpeg 225w\" sizes=\"(max-width: 576px) 100vw, 576px\" \/>\t\t\t\t\t\t\t\t\t\t\t\t\t\t\t<\/div>\n\t\t<div class=\"elementor-element elementor-element-e73a608 e-con-full e-flex e-con e-child\" data-id=\"e73a608\" data-element_type=\"container\">\n\t\t\t\t<div class=\"elementor-element elementor-element-54a6a82 elementor-widget elementor-widget-heading\" data-id=\"54a6a82\" data-element_type=\"widget\" data-widget_type=\"heading.default\">\n\t\t\t\t\t<span class=\"elementor-heading-title elementor-size-default\">Nathalie Astruc<\/span>\t\t\t\t<\/div>\n\t\t\t\t<div class=\"elementor-element elementor-element-f3ad2c8 elementor-widget elementor-widget-text-editor\" data-id=\"f3ad2c8\" data-element_type=\"widget\" data-widget_type=\"text-editor.default\">\n\t\t\t\t\t\t\t\t\t<p><strong>Patiente ressources<\/strong> &#8211; Montpellier Institut du Sein<\/p>\t\t\t\t\t\t\t\t<\/div>\n\t\t\t\t<div class=\"elementor-element elementor-element-98622a7 elementor-widget elementor-widget-heading\" data-id=\"98622a7\" data-element_type=\"widget\" data-widget_type=\"heading.default\">\n\t\t\t\t\t<span class=\"elementor-heading-title elementor-size-default\">Les pagaies roses : t\u00e9moignages d'une patiente<\/span>\t\t\t\t<\/div>\n\t\t\t\t<\/div>\n\t\t\t\t<\/div>\n\t\t<div class=\"elementor-element elementor-element-fa35f92 e-con-full e-flex e-con e-child\" data-id=\"fa35f92\" data-element_type=\"container\">\n\t\t\t\t<div class=\"elementor-element elementor-element-60e0b80 elementor-widget elementor-widget-image\" data-id=\"60e0b80\" data-element_type=\"widget\" data-widget_type=\"image.default\">\n\t\t\t\t\t\t\t\t\t\t\t\t\t\t\t<img loading=\"lazy\" decoding=\"async\" width=\"463\" height=\"471\" src=\"https:\/\/colloque-le-mouvement-pour-une-meilleure-sante-mentale.fr\/wp-content\/uploads\/2025\/09\/Capture-decran-2025-09-12-142947.png\" class=\"attachment-large size-large wp-image-48\" alt=\"\" srcset=\"https:\/\/colloque-le-mouvement-pour-une-meilleure-sante-mentale.fr\/wp-content\/uploads\/2025\/09\/Capture-decran-2025-09-12-142947.png 463w, https:\/\/colloque-le-mouvement-pour-une-meilleure-sante-mentale.fr\/wp-content\/uploads\/2025\/09\/Capture-decran-2025-09-12-142947-295x300.png 295w\" sizes=\"(max-width: 463px) 100vw, 463px\" \/>\t\t\t\t\t\t\t\t\t\t\t\t\t\t\t<\/div>\n\t\t<div class=\"elementor-element elementor-element-9ccd9e0 e-con-full e-flex e-con e-child\" data-id=\"9ccd9e0\" data-element_type=\"container\">\n\t\t\t\t<div class=\"elementor-element elementor-element-12032dd elementor-widget elementor-widget-heading\" data-id=\"12032dd\" data-element_type=\"widget\" data-widget_type=\"heading.default\">\n\t\t\t\t\t<span class=\"elementor-heading-title elementor-size-default\">Chlo\u00e9 Robert<\/span>\t\t\t\t<\/div>\n\t\t\t\t<div class=\"elementor-element elementor-element-a66f1a5 elementor-widget elementor-widget-text-editor\" data-id=\"a66f1a5\" data-element_type=\"widget\" data-widget_type=\"text-editor.default\">\n\t\t\t\t\t\t\t\t\t<p><strong>Charg\u00e9e d\u2019accompagnement<\/strong> \u2013 Dahlir-DAPAP 69<\/p>\t\t\t\t\t\t\t\t<\/div>\n\t\t\t\t<div class=\"elementor-element elementor-element-0d42317 elementor-widget elementor-widget-heading\" data-id=\"0d42317\" data-element_type=\"widget\" data-widget_type=\"heading.default\">\n\t\t\t\t\t<span class=\"elementor-heading-title elementor-size-default\">L'activit\u00e9 physique: un outil de remobilisation au service du mieux-\u00eatre physique et psychique ?<\/span>\t\t\t\t<\/div>\n\t\t\t\t<div class=\"elementor-element elementor-element-0370f5b elementor-widget elementor-widget-heading\" data-id=\"0370f5b\" data-element_type=\"widget\" data-widget_type=\"heading.default\">\n\t\t\t\t\t<span class=\"elementor-heading-title elementor-size-default\"><a href=\"https:\/\/onaps.fr\/wp-content\/uploads\/2026\/01\/Chloe-Robert.pdf\" target=\"_blank\">T\u00e9l\u00e9chargez le r\u00e9sum\u00e9 de son intervention<\/a><\/span>\t\t\t\t<\/div>\n\t\t\t\t<\/div>\n\t\t\t\t<\/div>\n\t\t<div class=\"elementor-element elementor-element-387ba72 e-con-full e-flex e-con e-child\" data-id=\"387ba72\" data-element_type=\"container\">\n\t\t\t\t<div class=\"elementor-element elementor-element-592e4cd elementor-widget elementor-widget-image\" data-id=\"592e4cd\" data-element_type=\"widget\" data-widget_type=\"image.default\">\n\t\t\t\t\t\t\t\t\t\t\t\t\t\t\t<img loading=\"lazy\" decoding=\"async\" width=\"200\" height=\"200\" src=\"https:\/\/colloque-le-mouvement-pour-une-meilleure-sante-mentale.fr\/wp-content\/uploads\/2025\/11\/1677147546832.jpg\" class=\"attachment-large size-large wp-image-306\" alt=\"\" srcset=\"https:\/\/colloque-le-mouvement-pour-une-meilleure-sante-mentale.fr\/wp-content\/uploads\/2025\/11\/1677147546832.jpg 200w, https:\/\/colloque-le-mouvement-pour-une-meilleure-sante-mentale.fr\/wp-content\/uploads\/2025\/11\/1677147546832-150x150.jpg 150w\" sizes=\"(max-width: 200px) 100vw, 200px\" \/>\t\t\t\t\t\t\t\t\t\t\t\t\t\t\t<\/div>\n\t\t<div class=\"elementor-element elementor-element-6b6fbc9 e-con-full e-flex e-con e-child\" data-id=\"6b6fbc9\" data-element_type=\"container\">\n\t\t\t\t<div class=\"elementor-element elementor-element-b5b37c1 elementor-widget elementor-widget-heading\" data-id=\"b5b37c1\" data-element_type=\"widget\" data-widget_type=\"heading.default\">\n\t\t\t\t\t<span class=\"elementor-heading-title elementor-size-default\">Lucie Mehats<\/span>\t\t\t\t<\/div>\n\t\t\t\t<div class=\"elementor-element elementor-element-f7e0365 elementor-widget elementor-widget-text-editor\" data-id=\"f7e0365\" data-element_type=\"widget\" data-widget_type=\"text-editor.default\">\n\t\t\t\t\t\t\t\t\t<p><strong>Praticienne en th\u00e9rapie sportive<\/strong> &#8211; Cami Sport &amp; Cancer<\/p>\t\t\t\t\t\t\t\t<\/div>\n\t\t\t\t<div class=\"elementor-element elementor-element-09d6389 elementor-widget elementor-widget-heading\" data-id=\"09d6389\" data-element_type=\"widget\" data-widget_type=\"heading.default\">\n\t\t\t\t\t<span class=\"elementor-heading-title elementor-size-default\">B\u00e9n\u00e9fices de l'activit\u00e9 physique dans la prise en charge des personnes atteintes de cancer (Article 51)<\/span>\t\t\t\t<\/div>\n\t\t\t\t<\/div>\n\t\t\t\t<\/div>\n\t\t\t\t<\/div>\n\t\t\t\t<div class=\"elementor-element elementor-element-6692ac1 elementor-widget elementor-widget-spacer\" data-id=\"6692ac1\" data-element_type=\"widget\" data-widget_type=\"spacer.default\">\n\t\t\t\t\t\t\t<div class=\"elementor-spacer\">\n\t\t\t<div class=\"elementor-spacer-inner\"><\/div>\n\t\t<\/div>\n\t\t\t\t\t\t<\/div>\n\t\t\t\t<div class=\"elementor-element elementor-element-c5b01c0 elementor-widget elementor-widget-heading\" data-id=\"c5b01c0\" data-element_type=\"widget\" data-widget_type=\"heading.default\">\n\t\t\t\t\t<span class=\"elementor-heading-title elementor-size-default\">Questions \/ R\u00e9ponses<\/span>\t\t\t\t<\/div>\n\t\t\t\t<\/div>\n\t\t\t\t<\/div>\n\t\t<div class=\"elementor-element elementor-element-4a19fae e-flex e-con-boxed e-con e-parent\" data-id=\"4a19fae\" data-element_type=\"container\">\n\t\t\t\t\t<div class=\"e-con-inner\">\n\t\t\t\t<div class=\"elementor-element elementor-element-d8edc44 elementor-widget elementor-widget-image\" data-id=\"d8edc44\" data-element_type=\"widget\" data-widget_type=\"image.default\">\n\t\t\t\t\t\t\t\t\t\t\t\t\t\t\t<img loading=\"lazy\" decoding=\"async\" width=\"1024\" height=\"102\" src=\"https:\/\/colloque-le-mouvement-pour-une-meilleure-sante-mentale.fr\/wp-content\/uploads\/2025\/09\/Design-sans-titre-1-1-1024x102.png\" class=\"attachment-large size-large wp-image-30\" alt=\"\" srcset=\"https:\/\/colloque-le-mouvement-pour-une-meilleure-sante-mentale.fr\/wp-content\/uploads\/2025\/09\/Design-sans-titre-1-1-1024x102.png 1024w, https:\/\/colloque-le-mouvement-pour-une-meilleure-sante-mentale.fr\/wp-content\/uploads\/2025\/09\/Design-sans-titre-1-1-300x30.png 300w, https:\/\/colloque-le-mouvement-pour-une-meilleure-sante-mentale.fr\/wp-content\/uploads\/2025\/09\/Design-sans-titre-1-1-768x77.png 768w, https:\/\/colloque-le-mouvement-pour-une-meilleure-sante-mentale.fr\/wp-content\/uploads\/2025\/09\/Design-sans-titre-1-1-1536x154.png 1536w, https:\/\/colloque-le-mouvement-pour-une-meilleure-sante-mentale.fr\/wp-content\/uploads\/2025\/09\/Design-sans-titre-1-1.png 2000w\" sizes=\"(max-width: 1024px) 100vw, 1024px\" \/>\t\t\t\t\t\t\t\t\t\t\t\t\t\t\t<\/div>\n\t\t\t\t\t<\/div>\n\t\t\t\t<\/div>\n\t\t<div class=\"elementor-element elementor-element-0fe266a e-con-full e-flex e-con e-child\" data-id=\"0fe266a\" data-element_type=\"container\">\n\t\t<div class=\"elementor-element elementor-element-3808d2e e-con-full e-flex e-con e-child\" data-id=\"3808d2e\" data-element_type=\"container\">\n\t\t\t\t<div class=\"elementor-element elementor-element-e00ee3a elementor-widget elementor-widget-heading\" data-id=\"e00ee3a\" data-element_type=\"widget\" data-widget_type=\"heading.default\">\n\t\t\t\t\t<span class=\"elementor-heading-title elementor-size-default\">16h25 - 16h40<\/span>\t\t\t\t<\/div>\n\t\t\t\t<div class=\"elementor-element elementor-element-a816f4e elementor-widget elementor-widget-heading\" data-id=\"a816f4e\" data-element_type=\"widget\" data-widget_type=\"heading.default\">\n\t\t\t\t\t<span class=\"elementor-heading-title elementor-size-default\">Grand t\u00e9moin<\/span>\t\t\t\t<\/div>\n\t\t\t\t<\/div>\n\t\t<div class=\"elementor-element elementor-element-4f17920 e-con-full e-flex e-con e-child\" data-id=\"4f17920\" data-element_type=\"container\">\n\t\t<div class=\"elementor-element elementor-element-ac6db09 e-con-full e-flex e-con e-child\" data-id=\"ac6db09\" data-element_type=\"container\">\n\t\t\t\t<div class=\"elementor-element elementor-element-f5d0a22 elementor-widget elementor-widget-image\" data-id=\"f5d0a22\" data-element_type=\"widget\" data-widget_type=\"image.default\">\n\t\t\t\t\t\t\t\t\t\t\t\t\t\t\t<img loading=\"lazy\" decoding=\"async\" width=\"568\" height=\"557\" src=\"https:\/\/colloque-le-mouvement-pour-une-meilleure-sante-mentale.fr\/wp-content\/uploads\/2025\/09\/Lucie-BAILLEUL.jpg\" class=\"attachment-large size-large wp-image-235\" alt=\"\" srcset=\"https:\/\/colloque-le-mouvement-pour-une-meilleure-sante-mentale.fr\/wp-content\/uploads\/2025\/09\/Lucie-BAILLEUL.jpg 568w, https:\/\/colloque-le-mouvement-pour-une-meilleure-sante-mentale.fr\/wp-content\/uploads\/2025\/09\/Lucie-BAILLEUL-300x294.jpg 300w\" sizes=\"(max-width: 568px) 100vw, 568px\" \/>\t\t\t\t\t\t\t\t\t\t\t\t\t\t\t<\/div>\n\t\t<div class=\"elementor-element elementor-element-3faaa8c e-con-full e-flex e-con e-child\" data-id=\"3faaa8c\" data-element_type=\"container\">\n\t\t\t\t<div class=\"elementor-element elementor-element-006e299 elementor-widget elementor-widget-heading\" data-id=\"006e299\" data-element_type=\"widget\" data-widget_type=\"heading.default\">\n\t\t\t\t\t<span class=\"elementor-heading-title elementor-size-default\">Lucie Bailleul<\/span>\t\t\t\t<\/div>\n\t\t\t\t<div class=\"elementor-element elementor-element-d822a5c elementor-widget elementor-widget-text-editor\" data-id=\"d822a5c\" data-element_type=\"widget\" data-widget_type=\"text-editor.default\">\n\t\t\t\t\t\t\t\t\t<p><strong><span data-olk-copy-source=\"MessageBody\">Pr\u00e9sidente et p\u00e9dopsychiatre<\/span><\/strong> &#8211; Dansons comme des fous<\/p>\t\t\t\t\t\t\t\t<\/div>\n\t\t\t\t<\/div>\n\t\t\t\t<\/div>\n\t\t\t\t<\/div>\n\t\t\t\t<\/div>\n\t\t<div class=\"elementor-element elementor-element-da42930 e-flex e-con-boxed e-con e-parent\" data-id=\"da42930\" data-element_type=\"container\">\n\t\t\t\t\t<div class=\"e-con-inner\">\n\t\t\t\t<div class=\"elementor-element elementor-element-18ff3ee elementor-widget elementor-widget-image\" data-id=\"18ff3ee\" data-element_type=\"widget\" data-widget_type=\"image.default\">\n\t\t\t\t\t\t\t\t\t\t\t\t\t\t\t<img loading=\"lazy\" decoding=\"async\" width=\"1024\" height=\"102\" src=\"https:\/\/colloque-le-mouvement-pour-une-meilleure-sante-mentale.fr\/wp-content\/uploads\/2025\/09\/Design-sans-titre-1-1-1024x102.png\" class=\"attachment-large size-large wp-image-30\" alt=\"\" srcset=\"https:\/\/colloque-le-mouvement-pour-une-meilleure-sante-mentale.fr\/wp-content\/uploads\/2025\/09\/Design-sans-titre-1-1-1024x102.png 1024w, https:\/\/colloque-le-mouvement-pour-une-meilleure-sante-mentale.fr\/wp-content\/uploads\/2025\/09\/Design-sans-titre-1-1-300x30.png 300w, https:\/\/colloque-le-mouvement-pour-une-meilleure-sante-mentale.fr\/wp-content\/uploads\/2025\/09\/Design-sans-titre-1-1-768x77.png 768w, https:\/\/colloque-le-mouvement-pour-une-meilleure-sante-mentale.fr\/wp-content\/uploads\/2025\/09\/Design-sans-titre-1-1-1536x154.png 1536w, https:\/\/colloque-le-mouvement-pour-une-meilleure-sante-mentale.fr\/wp-content\/uploads\/2025\/09\/Design-sans-titre-1-1.png 2000w\" sizes=\"(max-width: 1024px) 100vw, 1024px\" \/>\t\t\t\t\t\t\t\t\t\t\t\t\t\t\t<\/div>\n\t\t\t\t\t<\/div>\n\t\t\t\t<\/div>\n\t\t<div class=\"elementor-element elementor-element-05fe44f e-con-full e-flex e-con e-child\" data-id=\"05fe44f\" data-element_type=\"container\">\n\t\t<div class=\"elementor-element elementor-element-8f338b3 e-con-full e-flex e-con e-child\" data-id=\"8f338b3\" data-element_type=\"container\">\n\t\t\t\t<div class=\"elementor-element elementor-element-12a80b3 elementor-widget elementor-widget-heading\" data-id=\"12a80b3\" data-element_type=\"widget\" data-widget_type=\"heading.default\">\n\t\t\t\t\t<span class=\"elementor-heading-title elementor-size-default\">16h40 - 16h45<\/span>\t\t\t\t<\/div>\n\t\t\t\t<div class=\"elementor-element elementor-element-305f235 elementor-widget elementor-widget-heading\" data-id=\"305f235\" data-element_type=\"widget\" data-widget_type=\"heading.default\">\n\t\t\t\t\t<span class=\"elementor-heading-title elementor-size-default\">Cl\u00f4ture du colloque<\/span>\t\t\t\t<\/div>\n\t\t\t\t<\/div>\n\t\t<div class=\"elementor-element elementor-element-1286f66 e-con-full e-flex e-con e-child\" data-id=\"1286f66\" data-element_type=\"container\">\n\t\t<div class=\"elementor-element elementor-element-7c30acb e-con-full e-flex e-con e-child\" data-id=\"7c30acb\" data-element_type=\"container\">\n\t\t\t\t<div class=\"elementor-element elementor-element-81f339d elementor-widget elementor-widget-image\" data-id=\"81f339d\" data-element_type=\"widget\" data-widget_type=\"image.default\">\n\t\t\t\t\t\t\t\t\t\t\t\t\t\t\t<img loading=\"lazy\" decoding=\"async\" width=\"828\" height=\"552\" src=\"https:\/\/colloque-le-mouvement-pour-une-meilleure-sante-mentale.fr\/wp-content\/uploads\/2025\/09\/5e8dd.jpg\" class=\"attachment-large size-large wp-image-177\" alt=\"\" srcset=\"https:\/\/colloque-le-mouvement-pour-une-meilleure-sante-mentale.fr\/wp-content\/uploads\/2025\/09\/5e8dd.jpg 828w, https:\/\/colloque-le-mouvement-pour-une-meilleure-sante-mentale.fr\/wp-content\/uploads\/2025\/09\/5e8dd-300x200.jpg 300w, https:\/\/colloque-le-mouvement-pour-une-meilleure-sante-mentale.fr\/wp-content\/uploads\/2025\/09\/5e8dd-768x512.jpg 768w\" sizes=\"(max-width: 828px) 100vw, 828px\" \/>\t\t\t\t\t\t\t\t\t\t\t\t\t\t\t<\/div>\n\t\t<div class=\"elementor-element elementor-element-bfd2188 e-con-full e-flex e-con e-child\" data-id=\"bfd2188\" data-element_type=\"container\">\n\t\t\t\t<div class=\"elementor-element elementor-element-8c64c36 elementor-widget elementor-widget-heading\" data-id=\"8c64c36\" data-element_type=\"widget\" data-widget_type=\"heading.default\">\n\t\t\t\t\t<span class=\"elementor-heading-title elementor-size-default\">Vincent Roger<\/span>\t\t\t\t<\/div>\n\t\t\t\t<div class=\"elementor-element elementor-element-004f926 elementor-widget elementor-widget-text-editor\" data-id=\"004f926\" data-element_type=\"widget\" data-widget_type=\"text-editor.default\">\n\t\t\t\t\t\t\t\t\t<p><strong>D\u00e9l\u00e9gu\u00e9 minist\u00e9riel en charge du Sport-Sant\u00e9<\/strong> &#8211; Minist\u00e8re des Sports, de la Jeunesse et de la Vie associative<\/p>\t\t\t\t\t\t\t\t<\/div>\n\t\t\t\t<\/div>\n\t\t\t\t<\/div>\n\t\t\t\t<\/div>\n\t\t\t\t<\/div>\n\t\t<div class=\"elementor-element elementor-element-db614ca e-con-full e-flex e-con e-parent\" data-id=\"db614ca\" data-element_type=\"container\">\n\t\t\t\t<div class=\"elementor-element elementor-element-fd299e8 elementor-widget elementor-widget-image\" data-id=\"fd299e8\" data-element_type=\"widget\" data-widget_type=\"image.default\">\n\t\t\t\t\t\t\t\t\t\t\t\t\t\t\t<img loading=\"lazy\" decoding=\"async\" width=\"2000\" height=\"88\" src=\"https:\/\/colloque-le-mouvement-pour-une-meilleure-sante-mentale.fr\/wp-content\/uploads\/2025\/09\/Sans-titre-200-x-11-mm-1.png\" class=\"attachment-full size-full wp-image-23\" alt=\"\" srcset=\"https:\/\/colloque-le-mouvement-pour-une-meilleure-sante-mentale.fr\/wp-content\/uploads\/2025\/09\/Sans-titre-200-x-11-mm-1.png 2000w, https:\/\/colloque-le-mouvement-pour-une-meilleure-sante-mentale.fr\/wp-content\/uploads\/2025\/09\/Sans-titre-200-x-11-mm-1-300x13.png 300w, https:\/\/colloque-le-mouvement-pour-une-meilleure-sante-mentale.fr\/wp-content\/uploads\/2025\/09\/Sans-titre-200-x-11-mm-1-1024x45.png 1024w, https:\/\/colloque-le-mouvement-pour-une-meilleure-sante-mentale.fr\/wp-content\/uploads\/2025\/09\/Sans-titre-200-x-11-mm-1-768x34.png 768w, https:\/\/colloque-le-mouvement-pour-une-meilleure-sante-mentale.fr\/wp-content\/uploads\/2025\/09\/Sans-titre-200-x-11-mm-1-1536x68.png 1536w\" sizes=\"(max-width: 2000px) 100vw, 2000px\" \/>\t\t\t\t\t\t\t\t\t\t\t\t\t\t\t<\/div>\n\t\t\t\t<\/div>\n\t\t<div class=\"elementor-element elementor-element-bcd03f9 e-con-full e-flex e-con e-parent\" data-id=\"bcd03f9\" data-element_type=\"container\" data-settings=\"{&quot;background_background&quot;:&quot;classic&quot;}\">\n\t\t<div class=\"elementor-element elementor-element-c92f39e e-con-full e-flex e-con e-child\" data-id=\"c92f39e\" data-element_type=\"container\" id=\"contact\" data-settings=\"{&quot;background_background&quot;:&quot;classic&quot;}\">\n\t\t\t\t<div class=\"elementor-element elementor-element-1bc41cd elementor-widget__width-initial elementor-widget elementor-widget-heading\" data-id=\"1bc41cd\" data-element_type=\"widget\" data-widget_type=\"heading.default\">\n\t\t\t\t\t<span class=\"elementor-heading-title elementor-size-default\">Contacts des\nco-organisateurs<\/span>\t\t\t\t<\/div>\n\t\t<div class=\"elementor-element elementor-element-c8dbce3 e-con-full e-flex e-con e-child\" data-id=\"c8dbce3\" data-element_type=\"container\">\n\t\t\t\t<div class=\"elementor-element elementor-element-2d1b35f elementor-widget elementor-widget-text-editor\" data-id=\"2d1b35f\" data-element_type=\"widget\" data-widget_type=\"text-editor.default\">\n\t\t\t\t\t\t\t\t\t<p>Le minist\u00e8re des Sports, de la Jeunesse et de la Vie associative et son P\u00f4le Ressources National Sport Sant\u00e9 (PRN2S)<\/p>\t\t\t\t\t\t\t\t<\/div>\n\t\t\t\t<div class=\"elementor-element elementor-element-29aeab9 elementor-icon-list--layout-traditional elementor-list-item-link-full_width elementor-widget elementor-widget-icon-list\" data-id=\"29aeab9\" data-element_type=\"widget\" data-widget_type=\"icon-list.default\">\n\t\t\t\t\t\t\t<ul class=\"elementor-icon-list-items\">\n\t\t\t\t\t\t\t<li class=\"elementor-icon-list-item\">\n\t\t\t\t\t\t\t\t\t\t\t<a href=\"tel:0470595279\">\n\n\t\t\t\t\t\t\t\t\t\t\t<span class=\"elementor-icon-list-text\">04 70 59 52 79<\/span>\n\t\t\t\t\t\t\t\t\t\t\t<\/a>\n\t\t\t\t\t\t\t\t\t<\/li>\n\t\t\t\t\t\t\t\t<li class=\"elementor-icon-list-item\">\n\t\t\t\t\t\t\t\t\t\t\t<a href=\"mailto:pole-sante@creps-vichy.sports.gouv.fr\">\n\n\t\t\t\t\t\t\t\t\t\t\t<span class=\"elementor-icon-list-text\">pole-sante@creps-vichy.sports.gouv.fr<\/span>\n\t\t\t\t\t\t\t\t\t\t\t<\/a>\n\t\t\t\t\t\t\t\t\t<\/li>\n\t\t\t\t\t\t<\/ul>\n\t\t\t\t\t\t<\/div>\n\t\t\t\t<\/div>\n\t\t<div class=\"elementor-element elementor-element-203ca84 e-con-full e-flex e-con e-child\" data-id=\"203ca84\" data-element_type=\"container\">\n\t\t\t\t<div class=\"elementor-element elementor-element-7e59c0e elementor-widget elementor-widget-text-editor\" data-id=\"7e59c0e\" data-element_type=\"widget\" data-widget_type=\"text-editor.default\">\n\t\t\t\t\t\t\t\t\t<p>L\u2019Observatoire national de l\u2019activit\u00e9 physique et de la s\u00e9dentarit\u00e9 (Onaps)<\/p>\t\t\t\t\t\t\t\t<\/div>\n\t\t\t\t<div class=\"elementor-element elementor-element-2255aef elementor-icon-list--layout-traditional elementor-list-item-link-full_width elementor-widget elementor-widget-icon-list\" data-id=\"2255aef\" data-element_type=\"widget\" data-widget_type=\"icon-list.default\">\n\t\t\t\t\t\t\t<ul class=\"elementor-icon-list-items\">\n\t\t\t\t\t\t\t<li class=\"elementor-icon-list-item\">\n\t\t\t\t\t\t\t\t\t\t\t<a href=\"tel:0473178219\">\n\n\t\t\t\t\t\t\t\t\t\t\t<span class=\"elementor-icon-list-text\">04 73 17 82 19<\/span>\n\t\t\t\t\t\t\t\t\t\t\t<\/a>\n\t\t\t\t\t\t\t\t\t<\/li>\n\t\t\t\t\t\t\t\t<li class=\"elementor-icon-list-item\">\n\t\t\t\t\t\t\t\t\t\t\t<a href=\"mailto:contact@onaps.fr\">\n\n\t\t\t\t\t\t\t\t\t\t\t<span class=\"elementor-icon-list-text\">contact@onaps.fr<\/span>\n\t\t\t\t\t\t\t\t\t\t\t<\/a>\n\t\t\t\t\t\t\t\t\t<\/li>\n\t\t\t\t\t\t<\/ul>\n\t\t\t\t\t\t<\/div>\n\t\t\t\t<\/div>\n\t\t\t\t<\/div>\n\t\t\t\t<\/div>\n\t\t<div class=\"elementor-element elementor-element-53d7185 e-grid e-con-boxed e-con e-parent\" data-id=\"53d7185\" data-element_type=\"container\" id=\"inscriptions\" data-settings=\"{&quot;background_background&quot;:&quot;classic&quot;}\">\n\t\t\t\t\t<div class=\"e-con-inner\">\n\t\t\t\t<div class=\"elementor-element elementor-element-04dc448 elementor-widget elementor-widget-html\" data-id=\"04dc448\" data-element_type=\"widget\" data-widget_type=\"html.default\">\n\t\t\t\t\t<!-- Begin Brevo Form -->\n<!-- START - We recommend to place the below code in head tag of your website html  -->\n<style>\n  @font-face {\n    font-display: block;\n    font-family: Roboto;\n    src: url(https:\/\/assets.brevo.com\/font\/Roboto\/Latin\/normal\/normal\/7529907e9eaf8ebb5220c5f9850e3811.woff2) format(\"woff2\"), url(https:\/\/assets.brevo.com\/font\/Roboto\/Latin\/normal\/normal\/25c678feafdc175a70922a116c9be3e7.woff) format(\"woff\")\n  }\n\n  @font-face {\n    font-display: fallback;\n    font-family: Roboto;\n    font-weight: 600;\n    src: url(https:\/\/assets.brevo.com\/font\/Roboto\/Latin\/medium\/normal\/6e9caeeafb1f3491be3e32744bc30440.woff2) format(\"woff2\"), url(https:\/\/assets.brevo.com\/font\/Roboto\/Latin\/medium\/normal\/71501f0d8d5aa95960f6475d5487d4c2.woff) format(\"woff\")\n  }\n\n  @font-face {\n    font-display: fallback;\n    font-family: Roboto;\n    font-weight: 700;\n    src: url(https:\/\/assets.brevo.com\/font\/Roboto\/Latin\/bold\/normal\/3ef7cf158f310cf752d5ad08cd0e7e60.woff2) format(\"woff2\"), url(https:\/\/assets.brevo.com\/font\/Roboto\/Latin\/bold\/normal\/ece3a1d82f18b60bcce0211725c476aa.woff) format(\"woff\")\n  }\n\n  #sib-container input:-ms-input-placeholder {\n    text-align: left;\n    font-family: Helvetica, sans-serif;\n    color: #c0ccda;\n  }\n\n  #sib-container input::placeholder {\n    text-align: left;\n    font-family: Helvetica, sans-serif;\n    color: #c0ccda;\n  }\n\n  #sib-container textarea::placeholder {\n    text-align: left;\n    font-family: Helvetica, sans-serif;\n    color: #c0ccda;\n  }\n\n  #sib-container a {\n    text-decoration: underline;\n    color: #2BB2FC;\n  }\n<\/style>\n<link rel=\"stylesheet\" href=\"https:\/\/sibforms.com\/forms\/end-form\/build\/sib-styles.css\">\n<!--  END - We recommend to place the above code in head tag of your website html -->\n\n<!-- START - We recommend to place the below code where you want the form in your website html  -->\n<div class=\"sib-form\" style=\"text-align: center;\n         background-color: transparent;                                 \">\n  <div id=\"sib-form-container\" class=\"sib-form-container\">\n    <div id=\"error-message\" class=\"sib-form-message-panel\" style=\"font-size:16px; text-align:left; font-family:Helvetica, sans-serif; color:#661d1d; background-color:#ffeded; border-radius:3px; border-color:#ff4949;max-width:540px;\">\n      <div class=\"sib-form-message-panel__text sib-form-message-panel__text--center\">\n        <svg viewBox=\"0 0 512 512\" class=\"sib-icon sib-notification__icon\">\n          <path d=\"M256 40c118.621 0 216 96.075 216 216 0 119.291-96.61 216-216 216-119.244 0-216-96.562-216-216 0-119.203 96.602-216 216-216m0-32C119.043 8 8 119.083 8 256c0 136.997 111.043 248 248 248s248-111.003 248-248C504 119.083 392.957 8 256 8zm-11.49 120h22.979c6.823 0 12.274 5.682 11.99 12.5l-7 168c-.268 6.428-5.556 11.5-11.99 11.5h-8.979c-6.433 0-11.722-5.073-11.99-11.5l-7-168c-.283-6.818 5.167-12.5 11.99-12.5zM256 340c-15.464 0-28 12.536-28 28s12.536 28 28 28 28-12.536 28-28-12.536-28-28-28z\" \/>\n        <\/svg>\n        <span class=\"sib-form-message-panel__inner-text\">\n                          Nous n&#039;avons pas pu confirmer votre inscription.\n                      <\/span>\n      <\/div>\n    <\/div>\n    <div><\/div>\n    <div id=\"success-message\" class=\"sib-form-message-panel\" style=\"font-size:16px; text-align:left; font-family:Helvetica, sans-serif; color:#085229; background-color:#e7faf0; border-radius:3px; border-color:#13ce66;max-width:540px;\">\n      <div class=\"sib-form-message-panel__text sib-form-message-panel__text--center\">\n        <svg viewBox=\"0 0 512 512\" class=\"sib-icon sib-notification__icon\">\n          <path d=\"M256 8C119.033 8 8 119.033 8 256s111.033 248 248 248 248-111.033 248-248S392.967 8 256 8zm0 464c-118.664 0-216-96.055-216-216 0-118.663 96.055-216 216-216 118.664 0 216 96.055 216 216 0 118.663-96.055 216-216 216zm141.63-274.961L217.15 376.071c-4.705 4.667-12.303 4.637-16.97-.068l-85.878-86.572c-4.667-4.705-4.637-12.303.068-16.97l8.52-8.451c4.705-4.667 12.303-4.637 16.97.068l68.976 69.533 163.441-162.13c4.705-4.667 12.303-4.637 16.97.068l8.451 8.52c4.668 4.705 4.637 12.303-.068 16.97z\" \/>\n        <\/svg>\n        <span class=\"sib-form-message-panel__inner-text\">\n                          Votre inscription est confirm\u00e9e.\n                      <\/span>\n      <\/div>\n    <\/div>\n    <div><\/div>\n    <div id=\"sib-container\" class=\"sib-container--large sib-container--vertical\" style=\"text-align:center; background-color:rgba(255,255,255,1); max-width:540px; border-radius:3px; border-width:1px; border-color:#C0CCD9; border-style:solid; direction:ltr\">\n      <form id=\"sib-form\" method=\"POST\" action=\"https:\/\/198d9550.sibforms.com\/serve\/MUIFAAPEMb3fnLVHky4zmhy3oF48WmwUSOmKNfZ6yvhQv1Teu0e31ObDOju4Arc345kH46EO0xP7rYaacP3bvdphQUUnSzcR-KgL5k1D4da00nYoV4ljRRM3ZbRybAyH5LFPmQC3xjE1C82UNSrYtprPeuz62oAx2HzakHrtkzyVdSlIsqDPGUDT-yIusc0E_MxnaryyboaqkBJ3\" data-type=\"subscription\">\n        <div style=\"padding: 8px 0;\">\n          <div class=\"sib-form-block\" style=\"font-size:32px; text-align:left; font-weight:700; font-family:Helvetica, sans-serif; color:#3C4858; background-color:transparent; text-align:left\">\n            <p>Inscrivez-vous au colloque !<\/p>\n          <\/div>\n        <\/div>\n        <div style=\"padding: 8px 0;\">\n          <div class=\"sib-form-block\" style=\"font-size:16px; text-align:left; font-family:Helvetica, sans-serif; color:#3C4858; background-color:transparent; text-align:left\">\n            <div class=\"sib-text-form-block\">\n              <p>Pour vous inscrire, il vous suffit de compl\u00e9ter les informations demand\u00e9es dans le formulaire. Vous recevrez un rappel de l'\u00e9v\u00e9nement quelques jours avant et votre lien de connexion \u00e0 l'\u00e9v\u00e9nement la veille de la journ\u00e9e.<\/p>\n            <\/div>\n          <\/div>\n        <\/div>\n        <div style=\"padding: 8px 0;\">\n          <div class=\"sib-input sib-form-block\">\n            <div class=\"form__entry entry_block\">\n              <div class=\"form__label-row \">\n                <label class=\"entry__label\" style=\"font-weight: 700; text-align:left; font-size:16px; text-align:left; font-weight:700; font-family:Helvetica, sans-serif; color:#3c4858;\" for=\"EMAIL\" data-required=\"*\">Veuillez renseigner votre adresse email pour vous inscrire<\/label>\n\n                <div class=\"entry__field\">\n                  <input class=\"input \" type=\"text\" id=\"EMAIL\" name=\"EMAIL\" autocomplete=\"off\" placeholder=\"EMAIL\" data-required=\"true\" required \/>\n                <\/div>\n              <\/div>\n\n              <label class=\"entry__error entry__error--primary\" style=\"font-size:16px; text-align:left; font-family:Helvetica, sans-serif; color:#661d1d; background-color:#ffeded; border-radius:3px; border-color:#ff4949;\">\n              <\/label>\n            <\/div>\n          <\/div>\n        <\/div>\n        <div style=\"padding: 8px 0;\">\n          <div class=\"sib-input sib-form-block\">\n            <div class=\"form__entry entry_block\">\n              <div class=\"form__label-row \">\n                <label class=\"entry__label\" style=\"font-weight: 700; text-align:left; font-size:16px; text-align:left; font-weight:700; font-family:Helvetica, sans-serif; color:#3c4858;\" for=\"NOM\" data-required=\"*\">Entrez votre Nom<\/label>\n\n                <div class=\"entry__field\">\n                  <input class=\"input \" maxlength=\"200\" type=\"text\" id=\"NOM\" name=\"NOM\" autocomplete=\"off\" placeholder=\"NOM\" data-required=\"true\" required \/>\n                <\/div>\n              <\/div>\n\n              <label class=\"entry__error entry__error--primary\" style=\"font-size:16px; text-align:left; font-family:Helvetica, sans-serif; color:#661d1d; background-color:#ffeded; border-radius:3px; border-color:#ff4949;\">\n              <\/label>\n            <\/div>\n          <\/div>\n        <\/div>\n        <div style=\"padding: 8px 0;\">\n          <div class=\"sib-input sib-form-block\">\n            <div class=\"form__entry entry_block\">\n              <div class=\"form__label-row \">\n                <label class=\"entry__label\" style=\"font-weight: 700; text-align:left; font-size:16px; text-align:left; font-weight:700; font-family:Helvetica, sans-serif; color:#3c4858;\" for=\"PRENOM\" data-required=\"*\">Entrez votre Pr\u00e9nom<\/label>\n\n                <div class=\"entry__field\">\n                  <input class=\"input \" maxlength=\"200\" type=\"text\" id=\"PRENOM\" name=\"PRENOM\" autocomplete=\"off\" placeholder=\"PRENOM\" data-required=\"true\" required \/>\n                <\/div>\n              <\/div>\n\n              <label class=\"entry__error entry__error--primary\" style=\"font-size:16px; text-align:left; font-family:Helvetica, sans-serif; color:#661d1d; background-color:#ffeded; border-radius:3px; border-color:#ff4949;\">\n              <\/label>\n            <\/div>\n          <\/div>\n        <\/div>\n        <div style=\"padding: 8px 0;\">\n          <div class=\"sib-input sib-form-block\">\n            <div class=\"form__entry entry_block\">\n              <div class=\"form__label-row \">\n                <label class=\"entry__label\" style=\"font-weight: 700; text-align:left; font-size:16px; text-align:left; font-weight:700; font-family:Helvetica, sans-serif; color:#3c4858;\" for=\"SOCIETE\" data-required=\"*\">Votre entreprise \/ institution \/ association<\/label>\n\n                <div class=\"entry__field\">\n                  <input class=\"input \" maxlength=\"200\" type=\"text\" id=\"SOCIETE\" name=\"SOCIETE\" autocomplete=\"off\" placeholder=\"SOCIETE\" data-required=\"true\" required \/>\n                <\/div>\n              <\/div>\n\n              <label class=\"entry__error entry__error--primary\" style=\"font-size:16px; text-align:left; font-family:Helvetica, sans-serif; color:#661d1d; background-color:#ffeded; border-radius:3px; border-color:#ff4949;\">\n              <\/label>\n            <\/div>\n          <\/div>\n        <\/div>\n        <div style=\"padding: 8px 0;\">\n          <div class=\"sib-input sib-form-block\">\n            <div class=\"form__entry entry_block\">\n              <div class=\"form__label-row \">\n                <label class=\"entry__label\" style=\"font-weight: 700; text-align:left; font-size:16px; text-align:left; font-weight:700; font-family:Helvetica, sans-serif; color:#3c4858;\" for=\"POSTE\" data-required=\"*\">Entrez votre poste<\/label>\n\n                <div class=\"entry__field\">\n                  <input class=\"input \" maxlength=\"200\" type=\"text\" id=\"POSTE\" name=\"POSTE\" autocomplete=\"off\" placeholder=\"POSTE\" data-required=\"true\" required \/>\n                <\/div>\n              <\/div>\n\n              <label class=\"entry__error entry__error--primary\" style=\"font-size:16px; text-align:left; font-family:Helvetica, sans-serif; color:#661d1d; background-color:#ffeded; border-radius:3px; border-color:#ff4949;\">\n              <\/label>\n            <\/div>\n          <\/div>\n        <\/div>\n        <div style=\"padding: 8px 0;\">\n          <div class=\"sib-optin sib-form-block\" data-required=\"true\">\n            <div class=\"form__entry entry_mcq\">\n              <div class=\"form__label-row \">\n                <div class=\"entry__choice\" style=\"\">\n                  <label>\n                    <input type=\"checkbox\" class=\"input_replaced\" value=\"1\" id=\"OPT_IN\" name=\"OPT_IN\" required \/>\n                    <span class=\"checkbox checkbox_tick_positive\"\n            style=\"margin-left:\"\n            ><\/span><span style=\"font-size:14px; text-align:left; font-family:Helvetica, sans-serif; color:#3C4858; background-color:transparent;\"><p>En soumettant \u00e0 ce formulaire, j'accepte que les informations saisies soient exploit\u00e9es dans le cadre de l'inscription au colloque.<\/p><span data-required=\"*\" style=\"display: inline;\" class=\"entry__label entry__label_optin\"><\/span><\/span> <\/label>\n                <\/div>\n              <\/div>\n              <label class=\"entry__error entry__error--primary\" style=\"font-size:16px; text-align:left; font-family:Helvetica, sans-serif; color:#661d1d; background-color:#ffeded; border-radius:3px; border-color:#ff4949;\">\n              <\/label>\n            <\/div>\n          <\/div>\n        <\/div>\n        <div style=\"padding: 8px 0;\">\n          <div class=\"g-recaptcha-v3\" data-sitekey=\"6LdYUcwrAAAAAIzcq42d4dbPx4VNTiduOtb9s3zE\" style=\"display: none\"><\/div>\n        <\/div>\n        <div style=\"padding: 8px 0;\">\n          <div class=\"sib-form-block\" style=\"text-align: left\">\n            <button class=\"sib-form-block__button sib-form-block__button-with-loader\" style=\"font-size:16px; text-align:left; font-weight:700; font-family:Helvetica, sans-serif; color:#FFFFFF; background-color:#3E4857; border-radius:3px; border-width:0px;\" form=\"sib-form\" type=\"submit\">\n              <svg class=\"icon clickable__icon progress-indicator__icon sib-hide-loader-icon\" viewBox=\"0 0 512 512\" style=\"\">\n                <path d=\"M460.116 373.846l-20.823-12.022c-5.541-3.199-7.54-10.159-4.663-15.874 30.137-59.886 28.343-131.652-5.386-189.946-33.641-58.394-94.896-95.833-161.827-99.676C261.028 55.961 256 50.751 256 44.352V20.309c0-6.904 5.808-12.337 12.703-11.982 83.556 4.306 160.163 50.864 202.11 123.677 42.063 72.696 44.079 162.316 6.031 236.832-3.14 6.148-10.75 8.461-16.728 5.01z\" \/>\n              <\/svg>\n              S&#039;INSCRIRE\n            <\/button>\n          <\/div>\n        <\/div>\n\n        <input type=\"text\" name=\"email_address_check\" value=\"\" class=\"input--hidden\">\n        <input type=\"hidden\" name=\"locale\" value=\"fr\">\n      <\/form>\n    <\/div>\n  <\/div>\n<\/div>\n<!-- END - We recommend to place the above code where you want the form in your website html  -->\n\n<!-- START - We recommend to place the below code in footer or bottom of your website html  -->\n<script>\n  window.REQUIRED_CODE_ERROR_MESSAGE = 'Veuillez choisir un code pays';\n  window.LOCALE = 'fr';\n  window.EMAIL_INVALID_MESSAGE = window.SMS_INVALID_MESSAGE = \"Les informations que vous avez fournies ne sont pas valides. Veuillez v\u00e9rifier le format du champ et r\u00e9essayer.\";\n\n  window.REQUIRED_ERROR_MESSAGE = \"Vous devez renseigner ce champ. \";\n\n  window.GENERIC_INVALID_MESSAGE = \"Les informations que vous avez fournies ne sont pas valides. Veuillez v\u00e9rifier le format du champ et r\u00e9essayer.\";\n\n\n\n\n  window.translation = {\n    common: {\n      selectedList: '{quantity} liste s\u00e9lectionn\u00e9e',\n      selectedLists: '{quantity} listes s\u00e9lectionn\u00e9es',\n      selectedOption: '{quantity} s\u00e9lectionn\u00e9',\n      selectedOptions: '{quantity} s\u00e9lectionn\u00e9s',\n    }\n  };\n\n  var AUTOHIDE = Boolean(0);\n<\/script>\n\n<script defer src=\"https:\/\/sibforms.com\/forms\/end-form\/build\/main.js\"><\/script>\n\n<script src=\"https:\/\/www.google.com\/recaptcha\/api.js?render=6LdYUcwrAAAAAIzcq42d4dbPx4VNTiduOtb9s3zE&hl=fr\" async defer><\/script>\n\n<!-- END - We recommend to place the above code in footer or bottom of your website html  -->\n<!-- End Brevo Form -->\t\t\t\t<\/div>\n\t\t<div class=\"elementor-element elementor-element-e57c6b6 e-con-full e-flex e-con e-child\" data-id=\"e57c6b6\" data-element_type=\"container\">\n\t\t\t\t<div class=\"elementor-element elementor-element-5e7c057 elementor-widget elementor-widget-text-editor\" data-id=\"5e7c057\" data-element_type=\"widget\" data-widget_type=\"text-editor.default\">\n\t\t\t\t\t\t\t\t\t<p>\u00a0 \u00a0 \u00a0 \u00a0 \u00a0 \u00a0 \u00a0 \u00a0 \u00a0 \u00a0 \u00a0 \u00a0 \u00a0 \u00a0 \u00a0 \u00a0 \u00a0 \u00a0 \u00a0 \u00a0 \u00a0 \u00a0 \u00a0 \u00a0 \u00a0 \u00a0 \u00a0 \u00a0 \u00a0 \u00a0 \u00a0 \u00a0 \u00a0 \u00a0 \u00a0 \u00a0 \u00a0 \u00a0 \u00a0 \u00a0 \u00a0 \u00a0 \u00a0 \u00a0 \u00a0 \u00a0 \u00a0 \u00a0 \u00a0 \u00a0 \u00a0 \u00a0 \u00a0 \u00a0 \u00a0 \u00a0 \u00a0 \u00a0 \u00a0 \u00a0 \u00a0 \u00a0 \u00a0 \u00a0 \u00a0 \u00a0 \u00a0 \u00a0 \u00a0 \u00a0 \u00a0 \u00a0 \u00a0 \u00a0 \u00a0 \u00a0 \u00a0 \u00a0 \u00a0 \u00a0 \u00a0 \u00a0 \u00a0 \u00a0 \u00a0 \u00a0 \u00a0 \u00a0 \u00a0 \u00a0 \u00a0 \u00a0 \u00a0 \u00a0 \u00a0 \u00a0 \u00a0 \u00a0 \u00a0 \u00a0 \u00a0 \u00a0 \u00a0 \u00a0 \u00a0 \u00a0 \u00a0 \u00a0 \u00a0 \u00a0 \u00a0 \u00a0 \u00a0 \u00a0 \u00a0 \u00a0 \u00a0 \u00a0 \u00a0 \u00a0 \u00a0<\/p>\t\t\t\t\t\t\t\t<\/div>\n\t\t\t\t<div class=\"elementor-element elementor-element-9124165 elementor-widget__width-initial elementor-widget elementor-widget-heading\" data-id=\"9124165\" data-element_type=\"widget\" data-widget_type=\"heading.default\">\n\t\t\t\t\t<span class=\"elementor-heading-title elementor-size-default\">S'inscrire au colloque<\/span>\t\t\t\t<\/div>\n\t\t\t\t<div class=\"elementor-element elementor-element-40d6c80 elementor-widget elementor-widget-text-editor\" data-id=\"40d6c80\" data-element_type=\"widget\" data-widget_type=\"text-editor.default\">\n\t\t\t\t\t\t\t\t\t<p><strong>Comment s&rsquo;inscrire au colloque ?<\/strong><\/p>\t\t\t\t\t\t\t\t<\/div>\n\t\t\t\t<div class=\"elementor-element elementor-element-4661168 elementor-widget elementor-widget-text-editor\" data-id=\"4661168\" data-element_type=\"widget\" data-widget_type=\"text-editor.default\">\n\t\t\t\t\t\t\t\t\t<p>Pour vous inscrire, il vous suffit de compl\u00e9ter les informations demand\u00e9es dans le formulaire. Vous recevrez un rappel de l\u2019\u00e9v\u00e9nement quelques jours avant et votre lien de connexion \u00e0 l\u2019\u00e9v\u00e9nement la veille de la journ\u00e9e.<\/p>\t\t\t\t\t\t\t\t<\/div>\n\t\t\t\t<div class=\"elementor-element elementor-element-977c1b2 elementor-widget elementor-widget-text-editor\" data-id=\"977c1b2\" data-element_type=\"widget\" data-widget_type=\"text-editor.default\">\n\t\t\t\t\t\t\t\t\t<p><strong>Quand vais-je recevoir le lien de connexion ?<\/strong><\/p>\t\t\t\t\t\t\t\t<\/div>\n\t\t\t\t<div class=\"elementor-element elementor-element-cba6da3 elementor-widget elementor-widget-text-editor\" data-id=\"cba6da3\" data-element_type=\"widget\" data-widget_type=\"text-editor.default\">\n\t\t\t\t\t\t\t\t\t<p>Vous recevrez votre lien de connexion la veille de l\u2019\u00e9v\u00e9nement.<\/p>\t\t\t\t\t\t\t\t<\/div>\n\t\t\t\t<\/div>\n\t\t\t\t\t<\/div>\n\t\t\t\t<\/div>\n\t\t<div class=\"elementor-element elementor-element-75e310a e-con-full e-flex e-con e-parent\" data-id=\"75e310a\" data-element_type=\"container\" data-settings=\"{&quot;background_background&quot;:&quot;classic&quot;}\">\n\t\t<div class=\"elementor-element elementor-element-ece77a1 e-con-full e-flex e-con e-child\" data-id=\"ece77a1\" data-element_type=\"container\" data-settings=\"{&quot;background_background&quot;:&quot;classic&quot;}\">\n\t\t\t\t<div class=\"elementor-element elementor-element-df80e48 elementor-widget elementor-widget-text-editor\" data-id=\"df80e48\" data-element_type=\"widget\" data-widget_type=\"text-editor.default\">\n\t\t\t\t\t\t\t\t\tCopyright \u00a9 ONAPS 2025 | Tous droits r\u00e9serv\u00e9s\t\t\t\t\t\t\t\t<\/div>\n\t\t\t\t<div class=\"elementor-element elementor-element-bcccd11 elementor-icon-list--layout-inline elementor-mobile-align-center elementor-list-item-link-full_width elementor-widget elementor-widget-icon-list\" data-id=\"bcccd11\" data-element_type=\"widget\" data-widget_type=\"icon-list.default\">\n\t\t\t\t\t\t\t<ul class=\"elementor-icon-list-items elementor-inline-items\">\n\t\t\t\t\t\t\t<li class=\"elementor-icon-list-item elementor-inline-item\">\n\t\t\t\t\t\t\t\t\t\t\t<a href=\"https:\/\/onaps.fr\/mentions-legales\/\">\n\n\t\t\t\t\t\t\t\t\t\t\t<span class=\"elementor-icon-list-text\">Mentions l\u00e9gales<\/span>\n\t\t\t\t\t\t\t\t\t\t\t<\/a>\n\t\t\t\t\t\t\t\t\t<\/li>\n\t\t\t\t\t\t\t\t<li class=\"elementor-icon-list-item elementor-inline-item\">\n\t\t\t\t\t\t\t\t\t\t\t<a href=\"https:\/\/onaps.fr\/politique-de-confidentialite\/\">\n\n\t\t\t\t\t\t\t\t\t\t\t<span class=\"elementor-icon-list-text\">Politique de confidentialit\u00e9<\/span>\n\t\t\t\t\t\t\t\t\t\t\t<\/a>\n\t\t\t\t\t\t\t\t\t<\/li>\n\t\t\t\t\t\t\t\t<li class=\"elementor-icon-list-item elementor-inline-item\">\n\t\t\t\t\t\t\t\t\t\t\t<a href=\"https:\/\/onaps.fr\/conditions-generales-dutilisation\/\">\n\n\t\t\t\t\t\t\t\t\t\t\t<span class=\"elementor-icon-list-text\">CGU<\/span>\n\t\t\t\t\t\t\t\t\t\t\t<\/a>\n\t\t\t\t\t\t\t\t\t<\/li>\n\t\t\t\t\t\t\t\t<li class=\"elementor-icon-list-item elementor-inline-item\">\n\t\t\t\t\t\t\t\t\t\t\t<a href=\"https:\/\/onaps.fr\/plan-du-site\/\">\n\n\t\t\t\t\t\t\t\t\t\t\t<span class=\"elementor-icon-list-text\">Plan du site<\/span>\n\t\t\t\t\t\t\t\t\t\t\t<\/a>\n\t\t\t\t\t\t\t\t\t<\/li>\n\t\t\t\t\t\t<\/ul>\n\t\t\t\t\t\t<\/div>\n\t\t\t\t<\/div>\n\t\t\t\t<\/div>\n\t\t<div class=\"elementor-element elementor-element-38ad026 e-flex e-con-boxed e-con e-parent\" data-id=\"38ad026\" data-element_type=\"container\">\n\t\t\t\t\t<div class=\"e-con-inner\">\n\t\t\t\t<div class=\"elementor-element elementor-element-37b6a15 elementor-widget elementor-widget-shortcode\" data-id=\"37b6a15\" data-element_type=\"widget\" data-widget_type=\"shortcode.default\">\n\t\t\t\t\t\t\t<div class=\"elementor-shortcode\"><div class=\"_3d-flip-book  fb3d-fullscreen-mode full-size\" data-id=\"424\" data-mode=\"fullscreen\" data-title=\"false\" data-template=\"short-white-book-view\" data-lightbox=\"dark-shadow\" data-urlparam=\"fb3d-page\" data-page-n=\"0\" data-pdf=\"\" data-tax=\"null\" data-thumbnail=\"\" data-cols=\"3\" data-book-template=\"default\" data-trigger=\"\"><\/div><script type=\"text\/javascript\">window.FB3D_CLIENT_DATA = window.FB3D_CLIENT_DATA || [];FB3D_CLIENT_DATA.push('eyJwb3N0cyI6eyI0MjQiOnsiSUQiOjQyNCwidGl0bGUiOiJTeW50aFx1MDBlOHNlIGNvbGxvcXVlIiwidHlwZSI6InBkZiIsInJlYWR5X2Z1bmN0aW9uIjoiIiwiYm9va19zdHlsZSI6ImZsYXQiLCJib29rX3RlbXBsYXRlIjoibm9uZSIsIm91dGxpbmUiOltdLCJkYXRhIjp7InBvc3RfSUQiOiI0MjMiLCJndWlkIjoiaHR0cHM6XC9cL2NvbGxvcXVlLWxlLW1vdXZlbWVudC1wb3VyLXVuZS1tZWlsbGV1cmUtc2FudGUtbWVudGFsZS5mclwvd3AtY29udGVudFwvdXBsb2Fkc1wvMjAyNlwvMDFcLzIwMjYtMDEtMDctU3ludGhlc2UtY29sbG9xdWUucGRmIiwicGRmX3BhZ2VzIjoiMiIsInBhZ2VzX2N1c3RvbWl6YXRpb24iOiJub25lIn0sInRodW1ibmFpbCI6eyJkYXRhIjp7InBvc3RfSUQiOiIwIn0sInR5cGUiOiJhdXRvIn0sInByb3BzIjp7ImJhY2tncm91bmRDb2xvciI6ImF1dG8iLCJiYWNrZ3JvdW5kSW1hZ2UiOiJhdXRvIiwiYmFja2dyb3VuZFN0eWxlIjoiYXV0byIsImhpZ2hsaWdodExpbmtzIjoiYXV0byIsImxpZ2h0aW5nIjoiYXV0byIsInNpbmdsZVBhZ2VNb2RlIjoiYXV0byIsImNhY2hlZFBhZ2VzIjoiYXV0byIsInJlbmRlckluYWN0aXZlUGFnZXMiOiJhdXRvIiwicmVuZGVySW5hY3RpdmVQYWdlc09uTW9iaWxlIjoiYXV0byIsInJlbmRlcldoaWxlRmxpcHBpbmciOiJhdXRvIiwicHJlbG9hZFBhZ2VzIjoiYXV0byIsImF1dG9QbGF5RHVyYXRpb24iOiJhdXRvIiwicnRsIjoiYXV0byIsImludGVyYWN0aXZlQ29ybmVycyI6ImF1dG8iLCJtYXhEZXB0aCI6ImF1dG8iLCJzaGVldCI6eyJzdGFydFZlbG9jaXR5IjoiYXV0byIsIndhdmUiOiJhdXRvIiwic2hhcGUiOiJhdXRvIiwid2lkdGhUZXhlbHMiOiJhdXRvIiwiY29sb3IiOiJhdXRvIiwic2lkZSI6ImF1dG8iLCJzdHJldGNoSW1hZ2VzIjoiYXV0byIsImNvcm5lckRldmlhdGlvbiI6ImF1dG8iLCJmbGV4aWJpbGl0eSI6ImF1dG8iLCJmbGV4aWJsZUNvcm5lciI6ImF1dG8iLCJiZW5kaW5nIjoiYXV0byIsImhlaWdodFRleGVscyI6ImF1dG8ifSwiY292ZXIiOnsid2F2ZSI6ImF1dG8iLCJjb2xvciI6ImF1dG8iLCJzaWRlIjoiYXV0byIsInN0cmV0Y2hJbWFnZXMiOiJhdXRvIiwiYmluZGVyVGV4dHVyZSI6ImF1dG8iLCJkZXB0aCI6ImF1dG8iLCJwYWRkaW5nIjoiYXV0byIsInN0YXJ0VmVsb2NpdHkiOiJhdXRvIiwiZmxleGliaWxpdHkiOiJhdXRvIiwiZmxleGlibGVDb3JuZXIiOiJhdXRvIiwiYmVuZGluZyI6ImF1dG8iLCJ3aWR0aFRleGVscyI6ImF1dG8iLCJoZWlnaHRUZXhlbHMiOiJhdXRvIiwibWFzcyI6ImF1dG8iLCJzaGFwZSI6ImF1dG8ifSwicGFnZSI6eyJ3YXZlIjoiYXV0byIsImNvbG9yIjoiYXV0byIsInNpZGUiOiJhdXRvIiwic3RyZXRjaEltYWdlcyI6ImF1dG8iLCJkZXB0aCI6ImF1dG8iLCJzdGFydFZlbG9jaXR5IjoiYXV0byIsImZsZXhpYmlsaXR5IjoiYXV0byIsImZsZXhpYmxlQ29ybmVyIjoiYXV0byIsImJlbmRpbmciOiJhdXRvIiwid2lkdGhUZXhlbHMiOiJhdXRvIiwiaGVpZ2h0VGV4ZWxzIjoiYXV0byIsIm1hc3MiOiJhdXRvIiwic2hhcGUiOiJhdXRvIn0sImhlaWdodCI6ImF1dG8iLCJ3aWR0aCI6ImF1dG8iLCJncmF2aXR5IjoiYXV0byIsInBhZ2VzRm9yUHJlZGljdGluZyI6ImF1dG8ifSwiY29udHJvbFByb3BzIjp7ImFjdGlvbnMiOnsiY21kVG9jIjp7ImVuYWJsZWQiOiJhdXRvIiwiZW5hYmxlZEluTmFycm93IjoiYXV0byIsImFjdGl2ZSI6ImF1dG8iLCJkZWZhdWx0VGFiIjoiYXV0byJ9LCJjbWRBdXRvUGxheSI6eyJlbmFibGVkIjoiYXV0byIsImVuYWJsZWRJbk5hcnJvdyI6ImF1dG8iLCJhY3RpdmUiOiJhdXRvIn0sImNtZFNhdmUiOnsiZW5hYmxlZCI6ImF1dG8iLCJlbmFibGVkSW5OYXJyb3ciOiJhdXRvIn0sImNtZFByaW50Ijp7ImVuYWJsZWQiOiJhdXRvIiwiZW5hYmxlZEluTmFycm93IjoiYXV0byJ9LCJjbWRTaW5nbGVQYWdlIjp7ImVuYWJsZWQiOiJhdXRvIiwiZW5hYmxlZEluTmFycm93IjoiYXV0byIsImFjdGl2ZSI6ImF1dG8iLCJhY3RpdmVGb3JNb2JpbGUiOiJhdXRvIn0sIndpZFRvb2xiYXIiOnsiZW5hYmxlZCI6ImF1dG8iLCJlbmFibGVkSW5OYXJyb3ciOiJhdXRvIn19fSwiYXV0b1RodW1ibmFpbCI6Imh0dHBzOlwvXC9jb2xsb3F1ZS1sZS1tb3V2ZW1lbnQtcG91ci11bmUtbWVpbGxldXJlLXNhbnRlLW1lbnRhbGUuZnJcL3dwLWNvbnRlbnRcL3VwbG9hZHNcLzNkLWZsaXAtYm9va1wvYXV0by10aHVtYm5haWxzXC80MjQucG5nIiwicG9zdF9uYW1lIjoic3ludGhlc2UtY29sbG9xdWUiLCJwb3N0X3R5cGUiOiIzZC1mbGlwLWJvb2sifX0sInBhZ2VzIjpbXSwiZmlyc3RQYWdlcyI6W119');window.FB3D_CLIENT_LOCALE && FB3D_CLIENT_LOCALE.render && FB3D_CLIENT_LOCALE.render();<\/script><\/div>\n\t\t\t\t\t\t<\/div>\n\t\t\t\t\t<\/div>\n\t\t\t\t<\/div>\n\t\t<div class=\"elementor-element elementor-element-4e97757 e-flex e-con-boxed e-con e-parent\" data-id=\"4e97757\" data-element_type=\"container\">\n\t\t\t\t\t<div class=\"e-con-inner\">\n\t\t\t\t\t<\/div>\n\t\t\t\t<\/div>\n\t\t\t\t<\/div>\n\t\t","protected":false},"excerpt":{"rendered":"<p>Pr\u00e9sentation Programme Inscriptions Contact Pour acc\u00e9der au replay et \u00e0 la synth\u00e8se: Pr\u00e9sentation du colloque En 2025, la sant\u00e9 mentale est \u00e9rig\u00e9e en Grande Cause Nationale, soulignant l&rsquo;urgence d&rsquo;agir face \u00e0 une probl\u00e9matique qui touche une personne sur cinq chaque ann\u00e9e en France. Les b\u00e9n\u00e9fices de l&rsquo;activit\u00e9 physique sur la sant\u00e9 mentale en population g\u00e9n\u00e9rale [&hellip;]<\/p>\n","protected":false},"author":1,"featured_media":0,"parent":0,"menu_order":0,"comment_status":"closed","ping_status":"open","template":"elementor_canvas","meta":{"footnotes":""},"class_list":["post-2","page","type-page","status-publish","hentry"],"_links":{"self":[{"href":"https:\/\/colloque-le-mouvement-pour-une-meilleure-sante-mentale.fr\/index.php?rest_route=\/wp\/v2\/pages\/2","targetHints":{"allow":["GET"]}}],"collection":[{"href":"https:\/\/colloque-le-mouvement-pour-une-meilleure-sante-mentale.fr\/index.php?rest_route=\/wp\/v2\/pages"}],"about":[{"href":"https:\/\/colloque-le-mouvement-pour-une-meilleure-sante-mentale.fr\/index.php?rest_route=\/wp\/v2\/types\/page"}],"author":[{"embeddable":true,"href":"https:\/\/colloque-le-mouvement-pour-une-meilleure-sante-mentale.fr\/index.php?rest_route=\/wp\/v2\/users\/1"}],"replies":[{"embeddable":true,"href":"https:\/\/colloque-le-mouvement-pour-une-meilleure-sante-mentale.fr\/index.php?rest_route=%2Fwp%2Fv2%2Fcomments&post=2"}],"version-history":[{"count":51,"href":"https:\/\/colloque-le-mouvement-pour-une-meilleure-sante-mentale.fr\/index.php?rest_route=\/wp\/v2\/pages\/2\/revisions"}],"predecessor-version":[{"id":439,"href":"https:\/\/colloque-le-mouvement-pour-une-meilleure-sante-mentale.fr\/index.php?rest_route=\/wp\/v2\/pages\/2\/revisions\/439"}],"wp:attachment":[{"href":"https:\/\/colloque-le-mouvement-pour-une-meilleure-sante-mentale.fr\/index.php?rest_route=%2Fwp%2Fv2%2Fmedia&parent=2"}],"curies":[{"name":"wp","href":"https:\/\/api.w.org\/{rel}","templated":true}]}}